{"id":64153,"date":"2021-12-17T07:55:16","date_gmt":"2021-12-17T06:55:16","guid":{"rendered":"https:\/\/www.camping-mazet-plage.com\/home\/"},"modified":"2026-04-27T16:38:39","modified_gmt":"2026-04-27T14:38:39","slug":"home","status":"publish","type":"page","link":"https:\/\/www.camping-mazet-plage.com\/nl\/","title":{"rendered":"Home"},"content":{"rendered":"<section id=\"ls-section-block_48b31e594e09407fca6ebb723b026c3f\" class=\"ls-section  home-first bgDecoOrange\" >\r\n        <div class=\"container container--full\">\r\n        \n\n<h1 class=\"ls__heading wp-block-heading deco has-color-1-color has-text-color\">Camping in Berrias-et-Casteljau<br>in de Ard\u00e8che<\/h1>\n\n\n\n<div class=\"wp-block-columns are-vertically-aligned-top is-layout-flex wp-container-core-columns-is-layout-1 wp-block-columns-is-layout-flex\">\n<div class=\"wp-block-column is-vertically-aligned-top is-layout-flow wp-block-column-is-layout-flow\" style=\"flex-basis:40%\">\n<p class=\"ls-paragraph\">Welkom op <strong>camping Ardeche Sud<\/strong> Mazet-Plage, gelegen aan de ingang van het <strong>Bois de Pa\u00efolive<\/strong> in de gemeente Berrias-et-Casteljau, aan de oever van de Chassezac en zijn prachtige kloven, ideaal om te klimmen en te kano\u00ebn.<\/p>\n\n\n\n<h2 class=\"ls__heading wp-block-heading ls__heading deco\">4-sterren camping<br>in Ard\u00e8che <\/h2>\n\n\n\n<p class=\"ls-paragraph\">Onze<strong><span style=\"background-color:rgba(0, 0, 0, 0)\" class=\"has-inline-color has-color-2-color\"> 4-sterren camping in Ard\u00e8che<\/span><\/strong> <strong><span style=\"background-color:rgba(0, 0, 0, 0)\" class=\"has-inline-color has-color-2-color\">in Berrias en Casteljau <\/span><\/strong>verwelkomt vakantiegangers op een uitzonderlijke locatie midden in de natuur, in een beschermde, groene omgeving. Aan de oever van de rivier de Chassezac vindt u comfortabele en betaalbare accommodaties voor \u00e9\u00e9n of meerdere nachten, een reeks diensten en faciliteiten voor uw verblijf in de Ard\u00e8che en tal van activiteiten en animaties om uw vakantie tot een succes te maken, of<br>u nu met uw gezin met kinderen, met z&#8217;n twee\u00ebn of met vrienden bent. Een snackbar-restaurant, wasserette en kruidenierswinkel zullen je verblijf veraangenamen, terwijl de muzikale avonden op onze huisdier- en gezinsvriendelijke <a href=\"https:\/\/www.camping-mazet-plage.com\/camping-animaux-acceptes\/\">camping je uitstekende herinneringen zullen nalaten<\/a> aan je vakantie in de Ard\u00e8che. <span style=\"background-color:rgba(0, 0, 0, 0)\" class=\"has-inline-color has-color-2-color\"><a href=\"https:\/\/www.camping-mazet-plage.com\/camping-en-ardeche-sud\/\">kamperen in de zuidelijke Ard\u00e8che<\/a><\/span>. Aarzel niet om onze klantbeoordelingen te bekijken voor meer informatie over onze prachtige camping!   <\/p>\n<\/div>\n\n\n\n<div class=\"wp-block-column is-vertically-aligned-top ls-slider-innerContent is-layout-flow wp-block-column-is-layout-flow\" style=\"flex-basis:60%\">\n<figure class=\"wp-block-image size-large\"><a href=\"https:\/\/www.camping-mazet-plage.com\/wp-content\/uploads\/2022\/02\/camping-4-etoiles-ardeche.jpg\"><img decoding=\"async\" width=\"1024\" height=\"683\" src=\"https:\/\/www.camping-mazet-plage.com\/wp-content\/uploads\/2022\/02\/camping-4-etoiles-ardeche-1024x683.jpg\" alt=\"4-sterren camping ardeche\" class=\"wp-image-58531\" srcset=\"https:\/\/www.camping-mazet-plage.com\/wp-content\/uploads\/2022\/02\/camping-4-etoiles-ardeche-1024x683.jpg 1024w, https:\/\/www.camping-mazet-plage.com\/wp-content\/uploads\/2022\/02\/camping-4-etoiles-ardeche-300x200.jpg 300w, https:\/\/www.camping-mazet-plage.com\/wp-content\/uploads\/2022\/02\/camping-4-etoiles-ardeche-768x512.jpg 768w, https:\/\/www.camping-mazet-plage.com\/wp-content\/uploads\/2022\/02\/camping-4-etoiles-ardeche.jpg 1200w\" sizes=\"(max-width: 1024px) 100vw, 1024px\" \/><\/a><\/figure>\n\n\n\n<figure class=\"wp-block-image size-large\"><a href=\"https:\/\/www.camping-mazet-plage.com\/wp-content\/uploads\/2022\/02\/camping-ardeche-alentours-1.jpg\"><img decoding=\"async\" width=\"1024\" height=\"683\" src=\"https:\/\/www.camping-mazet-plage.com\/wp-content\/uploads\/2022\/02\/camping-ardeche-alentours-1-1024x683.jpg\" alt=\"kamperen in de Ard\u00e8che en omgeving\" class=\"wp-image-58527\" srcset=\"https:\/\/www.camping-mazet-plage.com\/wp-content\/uploads\/2022\/02\/camping-ardeche-alentours-1-1024x683.jpg 1024w, https:\/\/www.camping-mazet-plage.com\/wp-content\/uploads\/2022\/02\/camping-ardeche-alentours-1-300x200.jpg 300w, https:\/\/www.camping-mazet-plage.com\/wp-content\/uploads\/2022\/02\/camping-ardeche-alentours-1-768x512.jpg 768w, https:\/\/www.camping-mazet-plage.com\/wp-content\/uploads\/2022\/02\/camping-ardeche-alentours-1.jpg 1200w\" sizes=\"(max-width: 1024px) 100vw, 1024px\" \/><\/a><\/figure>\n\n\n\n<figure class=\"wp-block-image size-large\"><a href=\"https:\/\/www.camping-mazet-plage.com\/wp-content\/uploads\/2022\/02\/camping-ardeche-riviere.jpg\"><img decoding=\"async\" width=\"1024\" height=\"683\" src=\"https:\/\/www.camping-mazet-plage.com\/wp-content\/uploads\/2022\/02\/camping-ardeche-riviere-1024x683.jpg\" alt=\"camping ardeche riviere\" class=\"wp-image-58525\" srcset=\"https:\/\/www.camping-mazet-plage.com\/wp-content\/uploads\/2022\/02\/camping-ardeche-riviere-1024x683.jpg 1024w, https:\/\/www.camping-mazet-plage.com\/wp-content\/uploads\/2022\/02\/camping-ardeche-riviere-300x200.jpg 300w, https:\/\/www.camping-mazet-plage.com\/wp-content\/uploads\/2022\/02\/camping-ardeche-riviere-768x512.jpg 768w, https:\/\/www.camping-mazet-plage.com\/wp-content\/uploads\/2022\/02\/camping-ardeche-riviere.jpg 1200w\" sizes=\"(max-width: 1024px) 100vw, 1024px\" \/><\/a><\/figure>\n\n\n\n<figure class=\"wp-block-image size-large\"><a href=\"https:\/\/www.camping-mazet-plage.com\/wp-content\/uploads\/2022\/06\/terrasse-bar.jpg\"><img decoding=\"async\" width=\"1024\" height=\"682\" src=\"https:\/\/www.camping-mazet-plage.com\/wp-content\/uploads\/2022\/06\/terrasse-bar-1024x682.jpg\" alt=\"terrasbar\" class=\"wp-image-61612\" srcset=\"https:\/\/www.camping-mazet-plage.com\/wp-content\/uploads\/2022\/06\/terrasse-bar-1024x682.jpg 1024w, https:\/\/www.camping-mazet-plage.com\/wp-content\/uploads\/2022\/06\/terrasse-bar-300x200.jpg 300w, https:\/\/www.camping-mazet-plage.com\/wp-content\/uploads\/2022\/06\/terrasse-bar-768x512.jpg 768w, https:\/\/www.camping-mazet-plage.com\/wp-content\/uploads\/2022\/06\/terrasse-bar.jpg 1100w\" sizes=\"(max-width: 1024px) 100vw, 1024px\" \/><\/a><\/figure>\n\n\n\n<figure class=\"wp-block-image size-large\"><a href=\"https:\/\/www.camping-mazet-plage.com\/wp-content\/uploads\/2022\/02\/camping-ardeche-bord-riviere.jpg\"><img decoding=\"async\" width=\"1024\" height=\"683\" src=\"https:\/\/www.camping-mazet-plage.com\/wp-content\/uploads\/2022\/02\/camping-ardeche-bord-riviere-1024x683.jpg\" alt=\"camping ardeche bord riviere\" class=\"wp-image-58529\" srcset=\"https:\/\/www.camping-mazet-plage.com\/wp-content\/uploads\/2022\/02\/camping-ardeche-bord-riviere-1024x683.jpg 1024w, https:\/\/www.camping-mazet-plage.com\/wp-content\/uploads\/2022\/02\/camping-ardeche-bord-riviere-300x200.jpg 300w, https:\/\/www.camping-mazet-plage.com\/wp-content\/uploads\/2022\/02\/camping-ardeche-bord-riviere-768x512.jpg 768w, https:\/\/www.camping-mazet-plage.com\/wp-content\/uploads\/2022\/02\/camping-ardeche-bord-riviere.jpg 1200w\" sizes=\"(max-width: 1024px) 100vw, 1024px\" \/><\/a><\/figure>\n<\/div>\n<\/div>\n\n\r\n    <\/div>\r\n<\/section>\n\n<section id=\"ls-section-block_d860548a23c6bd906c6914408e585bc5\" class=\"ls-section  home-second bgDecoGris\" >\r\n        <div class=\"container container--full\">\r\n        \n\n<h2 class=\"ls__heading wp-block-heading has-text-align-right deco has-color-1-color has-text-color\">Camping met zwembad<br>in Zuid-Ard\u00e8che<\/h2>\n\n\n\n<div class=\"wp-block-columns is-layout-flex wp-container-core-columns-is-layout-2 wp-block-columns-is-layout-flex\">\n<div class=\"wp-block-column ls-slider-innerContent is-layout-flow wp-block-column-is-layout-flow\" style=\"flex-basis:60%\">\n<figure class=\"wp-block-image size-large\"><a href=\"https:\/\/www.camping-mazet-plage.com\/wp-content\/uploads\/2022\/02\/camping-ardeche-4-etoiles-pataugeoire.jpg\"><img decoding=\"async\" width=\"1024\" height=\"683\" src=\"https:\/\/www.camping-mazet-plage.com\/wp-content\/uploads\/2022\/02\/camping-ardeche-4-etoiles-pataugeoire-1024x683.jpg\" alt=\"4-sterren camping ardeche kinderzwembad\" class=\"wp-image-58533\" srcset=\"https:\/\/www.camping-mazet-plage.com\/wp-content\/uploads\/2022\/02\/camping-ardeche-4-etoiles-pataugeoire-1024x683.jpg 1024w, https:\/\/www.camping-mazet-plage.com\/wp-content\/uploads\/2022\/02\/camping-ardeche-4-etoiles-pataugeoire-300x200.jpg 300w, https:\/\/www.camping-mazet-plage.com\/wp-content\/uploads\/2022\/02\/camping-ardeche-4-etoiles-pataugeoire-768x512.jpg 768w, https:\/\/www.camping-mazet-plage.com\/wp-content\/uploads\/2022\/02\/camping-ardeche-4-etoiles-pataugeoire.jpg 1200w\" sizes=\"(max-width: 1024px) 100vw, 1024px\" \/><\/a><\/figure>\n\n\n\n<figure class=\"wp-block-image size-large\"><a href=\"https:\/\/www.camping-mazet-plage.com\/wp-content\/uploads\/2022\/02\/camping-sud-ardeche-piscine-chauffee.jpg\"><img decoding=\"async\" width=\"1024\" height=\"683\" src=\"https:\/\/www.camping-mazet-plage.com\/wp-content\/uploads\/2022\/02\/camping-sud-ardeche-piscine-chauffee-1024x683.jpg\" alt=\"camping sud ardeche verwarmd zwembad\" class=\"wp-image-58534\" srcset=\"https:\/\/www.camping-mazet-plage.com\/wp-content\/uploads\/2022\/02\/camping-sud-ardeche-piscine-chauffee-1024x683.jpg 1024w, https:\/\/www.camping-mazet-plage.com\/wp-content\/uploads\/2022\/02\/camping-sud-ardeche-piscine-chauffee-300x200.jpg 300w, https:\/\/www.camping-mazet-plage.com\/wp-content\/uploads\/2022\/02\/camping-sud-ardeche-piscine-chauffee-768x512.jpg 768w, https:\/\/www.camping-mazet-plage.com\/wp-content\/uploads\/2022\/02\/camping-sud-ardeche-piscine-chauffee.jpg 1200w\" sizes=\"(max-width: 1024px) 100vw, 1024px\" \/><\/a><\/figure>\n\n\n\n<figure class=\"wp-block-image size-large\"><a href=\"https:\/\/www.camping-mazet-plage.com\/wp-content\/uploads\/2022\/02\/camping-ardeche-piscine.jpg\"><img decoding=\"async\" width=\"1024\" height=\"683\" src=\"https:\/\/www.camping-mazet-plage.com\/wp-content\/uploads\/2022\/02\/camping-ardeche-piscine-1024x683.jpg\" alt=\"camping ardeche zwembad\" class=\"wp-image-58536\" srcset=\"https:\/\/www.camping-mazet-plage.com\/wp-content\/uploads\/2022\/02\/camping-ardeche-piscine-1024x683.jpg 1024w, https:\/\/www.camping-mazet-plage.com\/wp-content\/uploads\/2022\/02\/camping-ardeche-piscine-300x200.jpg 300w, https:\/\/www.camping-mazet-plage.com\/wp-content\/uploads\/2022\/02\/camping-ardeche-piscine-768x512.jpg 768w, https:\/\/www.camping-mazet-plage.com\/wp-content\/uploads\/2022\/02\/camping-ardeche-piscine.jpg 1200w\" sizes=\"(max-width: 1024px) 100vw, 1024px\" \/><\/a><\/figure>\n\n\n\n<figure class=\"wp-block-image size-large\"><a href=\"https:\/\/www.camping-mazet-plage.com\/wp-content\/uploads\/2022\/02\/camping-ardeche-4-etoiles-piscine.jpg\"><img decoding=\"async\" width=\"1024\" height=\"683\" src=\"https:\/\/www.camping-mazet-plage.com\/wp-content\/uploads\/2022\/02\/camping-ardeche-4-etoiles-piscine-1024x683.jpg\" alt=\"Camping in der Ard\u00e8che und Umgebung\" class=\"wp-image-58537\" srcset=\"https:\/\/www.camping-mazet-plage.com\/wp-content\/uploads\/2022\/02\/camping-ardeche-4-etoiles-piscine-1024x683.jpg 1024w, https:\/\/www.camping-mazet-plage.com\/wp-content\/uploads\/2022\/02\/camping-ardeche-4-etoiles-piscine-300x200.jpg 300w, https:\/\/www.camping-mazet-plage.com\/wp-content\/uploads\/2022\/02\/camping-ardeche-4-etoiles-piscine-768x512.jpg 768w, https:\/\/www.camping-mazet-plage.com\/wp-content\/uploads\/2022\/02\/camping-ardeche-4-etoiles-piscine.jpg 1200w\" sizes=\"(max-width: 1024px) 100vw, 1024px\" \/><\/a><\/figure>\n<\/div>\n\n\n\n<div class=\"wp-block-column is-layout-flow wp-block-column-is-layout-flow\" style=\"flex-basis:40%\">\n<p class=\"ls-paragraph\">Houdt u van campings met wateractiviteiten? Wilt u verblijven op een <a href=\"https:\/\/www.camping-mazet-plage.com\/nl\/camping-ardeche-zwembad\/\">camping met zwembad in de Ard\u00e8che<\/a>?<br>Onze <strong>4-sterren camping in de Ard\u00e8che<\/strong> is voor u gemaakt! <\/p>\n\n\n\n<p class=\"ls-paragraph\"><br>Met zijn zwembad, bubbelbaden en peuterbad, zelfs zonder glijbanen, is ons waterpark zowel een speeltuin voor kinderen als een ontspanningsruimte voor volwassenen, waardoor het een welkome aanvulling is op je vakantie in de Ard\u00e8che in de regio Rh\u00f4ne Alpes. We verwelkomen je in Berrias en Casteljau in een aangename, ontspannen omgeving, op 6 km van Les Vans en op 20 km van de drukte van de <a href=\"https:\/\/www.camping-mazet-plage.com\/articles\/10-incontournables-gorges-de-lardeche\/\">Gorges de l&#8217;Ard\u00e8che<\/a> met de grot van Pont d&#8217;Arc en zijn grot van Chauvet en de mooiste dorpjes van het departement Ard\u00e8che. Afwisselend zwemmen en luieren in onze zwembaden voor jong en oud, met vele wandelingen en bezoeken aangeboden door de nabijgelegen grotten en dorpen!  <\/p>\n\n\n\r\n<a href=\"\/camping-ardeche-piscine\/\" id=\"ls-button-block_d145783be9b1329986194754420d0c6c\" target=\"\" rel=\"\" class=\"ls-button\" ><span><span class=\"deco-button\">+<\/span>Ontdek het watergebied<\/span><\/a>\r\n<\/div>\n<\/div>\n\n\r\n    <\/div>\r\n<\/section>\n\n<section id=\"ls-section-block_999902669322daf9cd8b07405a0c5ff9\" class=\"ls-section  home-third bgDecoOrange\" >\r\n        <div class=\"container container--full\">\r\n        \n\n<h2 class=\"ls__heading wp-block-heading deco has-color-1-color has-text-color\">Campings en<br>stacaravans in de Ard\u00e8che<\/h2>\n\n\n\n<div class=\"wp-block-columns is-layout-flex wp-container-core-columns-is-layout-4 wp-block-columns-is-layout-flex\">\n<div class=\"wp-block-column is-layout-flow wp-block-column-is-layout-flow\" style=\"flex-basis:40%\">\n<p class=\"ls-paragraph\">Op een authentieke plek midden in de ongerepte natuur van de Ard\u00e8che ligt onze <strong><span class=\"has-inline-color has-color-2-color\">Camping Berrias en Casteljau<\/span><\/strong> is een camping in de Ard\u00e8che met <strong><span class=\"has-inline-color has-color-2-color\">137 rustige, schaduwrijke plaatsen<\/span><\/strong> waar we de voorkeur geven aan een gezellige, familiale sfeer. De <a href=\"https:\/\/www.camping-mazet-plage.com\/nl\/campingplaats-ardeche\/\">plaatsen in de Ard\u00e8che<\/a> zijn ruim en aangenaam om je tent, caravan of camper aan het water op te zetten. Het beboste terrein van de camping biedt je bovendien het voordeel dat je je op een schaduwrijke plek kunt installeren, voor een welkome verkoeling, in een oase van rust en groen.   <\/p>\n\n\n\n<p class=\"ls-paragraph\">Onder de verhuur van onze <strong><mark style=\"background-color:rgba(0, 0, 0, 0)\" class=\"has-inline-color has-color-2-color\">camping Ard\u00e8che Sud<\/mark><\/strong>ontdek ook onze <strong><mark style=\"background-color:rgba(0, 0, 0, 0)\" class=\"has-inline-color has-color-2-color\">gezinsstacaravans, comfortabele huuraccommodaties met<\/mark><\/strong> met 2 en 3 slaapkamers: moderne, volledig uitgeruste keuken, slaapkamers gescheiden van een goed ingerichte woonkamer, aparte doucheruimte en toilet in elke stacaravan. Als je een stacaravan kiest voor je volgende vakantie, profiteer je ook van een beschut houten priv\u00e9terras met tuinmeubilair, ideaal om van het mooie weer te genieten en nieuwe energie op te doen in een uitzonderlijke natuurlijke omgeving, of om buiten te eten. Een verandering van omgeving gegarandeerd voor een of meerdere nachten!  <\/p>\n\n\n\n<p class=\"ls-paragraph\"><br>Of je nu met een kind komt, met het hele gezin, met z&#8217;n twee\u00ebn of met vrienden, kies je vakantieaccommodatie uit een kampeerplaats of <a href=\"https:\/\/www.camping-mazet-plage.com\/nl\/locatie-stacaravan-ardeche\/\">een huuraccommodatie in een stacaravan in de Ard\u00e8che<\/a> op onze camping Mazet Plage voor een onvergetelijke vakantie.<\/p>\n\n\n\r\n<a href=\"\/wp-content\/uploads\/2022\/03\/Brochure_Mazet_Plage_2022.pdf\" id=\"ls-button-block_74dea7286953f7e8e383edcce042b028\" target=\"_blank\" rel=\"noopener\" class=\"ls-button has-m-t m-t-5\" ><span><span class=\"deco-button\">+<\/span>Download onze brochure<\/span><\/a>\r\n<\/div>\n\n\n\n<div class=\"wp-block-column is-layout-flow wp-block-column-is-layout-flow\" style=\"flex-basis:60%\">\n<div class=\"wp-block-columns is-layout-flex wp-container-core-columns-is-layout-3 wp-block-columns-is-layout-flex\">\n<div class=\"wp-block-column is-layout-flow wp-block-column-is-layout-flow\">\n<div id=\"ls-cta-block_50aaf535b0aec7c0ec8cf8d2bdfc8dc3\" class=\"ls-cta iconTente\">  \n    \n\n<a href=\"\/emplacement-camping-ardeche\/\" target=\"\" rel=\"noopener\" class=\"ls-cta__link\">\n\n\t<div class=\"ls-cta__image\"><img decoding=\"async\" src=\"https:\/\/www.camping-mazet-plage.com\/wp-content\/uploads\/2022\/02\/camping-ardeche-emplacements.jpg\" alt=\"camping ardeche emplacements\"><\/div>\n\t<div class=\"ls-cta__title\">\n\t\tD\u00e9couvrez nos<span>emplacements<\/span>\t<\/div>\n\n\t\t\n<\/a><\/div><\/div>\n\n\n\n<div class=\"wp-block-column is-layout-flow wp-block-column-is-layout-flow\">\n<div id=\"ls-cta-block_f0445ca7af2f11d181ffc4a09cf42302\" class=\"ls-cta iconMobil\">  \n    \n\n<a href=\"\/location-mobil-home-ardeche\/\" target=\"\" rel=\"noopener\" class=\"ls-cta__link\">\n\n\t<div class=\"ls-cta__image\"><img decoding=\"async\" src=\"https:\/\/www.camping-mazet-plage.com\/wp-content\/uploads\/2022\/02\/camping-ardeche-mobil-home-1.jpg\" alt=\"camping ardeche stacaravan\"><\/div>\n\t<div class=\"ls-cta__title\">\n\t\tD\u00e9couvrez nos<span>mobil-homes<\/span>\t<\/div>\n\n\t\t\n<\/a><\/div><\/div>\n<\/div>\n<\/div>\n<\/div>\n\n\r\n    <\/div>\r\n<\/section>\n\n<section id=\"ls-section-block_8f35d286595e2728f158069b3bf12b3a\" class=\"ls-section  home-fourth bgDecoGris\" >\r\n        <div class=\"container container--full\">\r\n        \n\n<div class=\"wp-block-columns are-vertically-aligned-center is-layout-flex wp-container-core-columns-is-layout-6 wp-block-columns-is-layout-flex\">\n<div class=\"wp-block-column is-vertically-aligned-center is-layout-flow wp-block-column-is-layout-flow\" style=\"flex-basis:60%\">\n<figure class=\"wp-block-image size-large\"><a href=\"https:\/\/www.camping-mazet-plage.com\/wp-content\/uploads\/2022\/02\/camping-ardeche-petit-prix.jpg\"><img decoding=\"async\" width=\"1024\" height=\"1024\" src=\"https:\/\/www.camping-mazet-plage.com\/wp-content\/uploads\/2022\/02\/camping-ardeche-petit-prix-1024x1024.jpg\" alt=\"camping ardeche petit prix\" class=\"wp-image-58563\" srcset=\"https:\/\/www.camping-mazet-plage.com\/wp-content\/uploads\/2022\/02\/camping-ardeche-petit-prix.jpg 1024w, https:\/\/www.camping-mazet-plage.com\/wp-content\/uploads\/2022\/02\/camping-ardeche-petit-prix-300x300.jpg 300w, https:\/\/www.camping-mazet-plage.com\/wp-content\/uploads\/2022\/02\/camping-ardeche-petit-prix-150x150.jpg 150w, https:\/\/www.camping-mazet-plage.com\/wp-content\/uploads\/2022\/02\/camping-ardeche-petit-prix-768x768.jpg 768w\" sizes=\"(max-width: 1024px) 100vw, 1024px\" \/><\/a><\/figure>\n\n\n\n<div class=\"infosTarifsContainer\">\n<p class=\"infosTarifs emplacement\"><span>Dobbelsteen<\/span><span>17\u20ac<\/span><span>De worp<\/span><\/p>\n<p class=\"infosTarifs location\"><span>Van<\/span><span>399\u20ac<\/span><span>De huuraccommodatie<\/span><\/p>\n<\/div>\n<\/div>\n\n\n\n<div class=\"wp-block-column is-vertically-aligned-center is-layout-flow wp-block-column-is-layout-flow\" style=\"flex-basis:40%\">\n<h2 class=\"ls__heading wp-block-heading deco has-color-1-color has-text-color\">Goedkoop kamperen op<br>in de Ard\u00e8che<\/h2>\n\n\n\n<p class=\"ls-paragraph\">Ontdek de huurprijzen voor laag- en hoogseizoen voor stacaravans en staanplaatsen op onze 4-sterrencamping in de Ard\u00e8che. Zo kunt u uw data kiezen op basis van uw budget. <\/p>\n\n\n\n<p class=\"ls-paragraph\">De prijzen voor stacaravans gelden voor een hele week, van zaterdag tot zaterdag, en zijn gebaseerd op 6 personen (maximale capaciteit bungalow). Prijzen voor kampeerplaatsen zijn per dag, met aankomst en vertrek rond het middaguur. <\/p>\n\n\n\n<p class=\"ls-paragraph\">Je vindt er ook prijzen voor mogelijke extra&#8217;s, zoals <strong><span class=\"has-inline-color has-color-2-color\">huur van een babypakket<\/span><\/strong> (kinderbed, kinderstoel, minibad&#8230;) of voor de<strong><span class=\"has-inline-color has-color-2-color\">een huisdier<\/span><\/strong>. Let op: honden van categorie 1 en 2 zijn niet toegestaan op onze budgetcamping in de Ard\u00e8che. U kunt ook <strong><span class=\"has-inline-color has-color-2-color\">Het is ook mogelijk om het bedrag geheel of gedeeltelijk te betalen met Ch\u00e8ques Vacances (vakantiecheques).<\/span><\/strong>om uw kampeervakantie in de Ard\u00e8che Sud nog aantrekkelijker te maken!  <\/p>\n\n\n\n<div class=\"wp-block-columns is-layout-flex wp-container-core-columns-is-layout-5 wp-block-columns-is-layout-flex\">\n<div class=\"wp-block-column is-vertically-aligned-top is-layout-flow wp-block-column-is-layout-flow\" style=\"flex-basis:40%\">\r\n<a href=\"\/camping-pas-cher-ardeche\/\" id=\"ls-button-block_a079169c21513bb97df814968c790794\" target=\"\" rel=\"\" class=\"ls-button alignleft\" ><span><span class=\"deco-button\">+<\/span>Ontdek onze tarieven<\/span><\/a>\r\n<\/div>\n\n\n\n<div class=\"wp-block-column is-vertically-aligned-top m-0 is-layout-flow wp-block-column-is-layout-flow\"><\/div>\n<\/div>\n<\/div>\n<\/div>\n\n\r\n    <\/div>\r\n<\/section>\n\n<section id=\"ls-section-block_b6cabfc75e9135c17d26840702a97438\" class=\"ls-section  home-fifth\" >\r\n        <div class=\"container container--full\">\r\n        \n\n<figure class=\"wp-block-image size-full\"><img decoding=\"async\" width=\"1900\" height=\"774\" src=\"https:\/\/www.camping-mazet-plage.com\/wp-content\/uploads\/2022\/02\/camping-bord-de-riviere-1.jpg\" alt=\"camping aan de rivier\" class=\"wp-image-58501\" srcset=\"https:\/\/www.camping-mazet-plage.com\/wp-content\/uploads\/2022\/02\/camping-bord-de-riviere-1.jpg 1900w, https:\/\/www.camping-mazet-plage.com\/wp-content\/uploads\/2022\/02\/camping-bord-de-riviere-1-300x122.jpg 300w, https:\/\/www.camping-mazet-plage.com\/wp-content\/uploads\/2022\/02\/camping-bord-de-riviere-1-1024x417.jpg 1024w, https:\/\/www.camping-mazet-plage.com\/wp-content\/uploads\/2022\/02\/camping-bord-de-riviere-1-768x313.jpg 768w, https:\/\/www.camping-mazet-plage.com\/wp-content\/uploads\/2022\/02\/camping-bord-de-riviere-1-1536x626.jpg 1536w\" sizes=\"(max-width: 1900px) 100vw, 1900px\" \/><\/figure>\n\n\n\n<div class=\"wp-block-columns is-layout-flex wp-container-core-columns-is-layout-9 wp-block-columns-is-layout-flex\">\n<div class=\"wp-block-column is-layout-flow wp-block-column-is-layout-flow\" style=\"flex-basis:80%\">\n<h2 class=\"ls__heading wp-block-heading deco has-color-1-color has-text-color\">Ontdek het zuiden van de Ard\u00e8che<br>vanaf de camping<\/h2>\n\n\n\n<div class=\"wp-block-columns is-layout-flex wp-container-core-columns-is-layout-7 wp-block-columns-is-layout-flex\">\n<div class=\"wp-block-column is-layout-flow wp-block-column-is-layout-flow\">\n<p class=\"ls-paragraph\">Talrijke <a href=\"https:\/\/www.camping-mazet-plage.com\/nl\/wat-te-doen-in-de-ardeche\/\">activiteiten in de Ard\u00e8che<\/a> wachten op u tijdens uw <a href=\"https:\/\/www.camping-mazet-plage.com\/camping-en-ardeche-sud\/camping-ruoms\/\">kampeervakantie in Ruoms<\/a>, zowel in het hoog- als laagseizoen. Geniet van de Zuidelijke Ard\u00e8che en de <a href=\"https:\/\/www.camping-mazet-plage.com\/camping-en-ardeche-sud\/camping-gorges-ardeche\/\">Gorges de l&#8217;Ard\u00e8che<\/a>, een enorm speelterrein op een steenworp afstand van uw camping in <a href=\"https:\/\/www.camping-mazet-plage.com\/camping-en-ardeche-sud\/camping-vallon-pont-d-arc\/\">Vallon Pont d&#8217;Arc<\/a> voor liefhebbers van sport en natuur: klimmen, accrobranche, talloze wandel- en mountainbikeroutes, speleologie, via ferrata, zwemmen, canyoning, kanovaren op de Ard\u00e8che of de Chassezac dankzij onze ligging aan de rivier&#8230; er is voor elk wat wils.  <\/p>\n\n\n\n<p class=\"ls-paragraph\">Met zijn priv\u00e9strand en directe toegang tot de rivier in de Gorges du Chassezac is onze <strong><mark style=\"background-color:rgba(0, 0, 0, 0)\" class=\"has-inline-color has-color-2-color\">Camping Sud-Ard\u00e8che<\/mark><\/strong> camping in Berrias en Casteljau ideaal gelegen en biedt u de mogelijkheid om kano&#8217;s te huren zonder de camping te verlaten en een natuurgebied van zeldzame schoonheid te ontdekken. Dit is ook een paradijs voor klimmers, met de kliffen en rotswanden van Le Mazet op minder dan 10 minuten lopen. Wandelaars kunnen hun hart ophalen aan de vele paden door de bossen van Pa\u00efolive in de buurt van de camping, die niet onderdoen voor die van het Parc Naturel R\u00e9gional des Monts d&#8217;Ard\u00e8che of de Mont Gerbier de Jonc. Reserveer nu je vakantie in het departement Ard\u00e8che, in de buurt van vele <a href=\"https:\/\/www.camping-mazet-plage.com\/articles\/5-joyaux-caches-en-ardeche\/\">uitzonderlijke natuurgebieden<\/a>, tussen bergen en rivieren, en geniet van ons zwembad! Plan uw activiteiten op basis van de begindatum van uw verblijf!    <\/p>\n<\/div>\n\n\n\n<div class=\"wp-block-column is-layout-flow wp-block-column-is-layout-flow\">\n<p class=\"ls-paragraph\">Vergeet natuurlijk niet om de specialiteiten van de Ard\u00e8che te proeven om nieuwe energie op te doen, of om de <a href=\"https:\/\/www.camping-mazet-plage.com\/nl\/bezienswaardigheden-ardeche\/\">bezienswaardigheden in de<\/a> mooie omliggende stadjes te bezoeken, zoals Les Vans en zijn museum, <a href=\"https:\/\/www.camping-mazet-plage.com\/camping-en-ardeche-sud\/camping-saint-martin-d-ardeche\/\">Saint Martin d&#8217;Ard\u00e8che<\/a> en zijn grot Saint Marcel, de grote site van Aven d&#8217;Orgnac en zijn stad van de prehistorie, Ruoms en zijn cirque de Gens, <a href=\"https:\/\/www.camping-mazet-plage.com\/camping-en-ardeche-sud\/camping-balazuc\/\">Balazuc<\/a> op zijn rotsachtige uitloper of Vallon Pont d&#8217;Arc en zijn natuurlijke boog! Er zijn nog veel meer plaatsen om te bezoeken, zoals de charmante dorpjes <a href=\"https:\/\/www.camping-mazet-plage.com\/camping-en-ardeche-sud\/camping-chandolas\/\">Beaulieu<\/a> en <a href=\"https:\/\/www.camping-mazet-plage.com\/camping-en-ardeche-sud\/camping-chandolas\/\">Chandolas<\/a>, <a href=\"https:\/\/www.camping-mazet-plage.com\/camping-en-ardeche-sud\/camping-labeaume\/\">Labeaume<\/a> en zijn hangende tuinen, <a href=\"https:\/\/www.camping-mazet-plage.com\/camping-en-ardeche-sud\/camping-lablachere\/\">Lablach\u00e8re<\/a> en zijn megalithische brug, het pittoreske dorpje <a href=\"https:\/\/www.camping-mazet-plage.com\/camping-en-ardeche-sud\/camping-sampzon\/\">Sampzon<\/a>, <a href=\"https:\/\/www.camping-mazet-plage.com\/camping-en-ardeche-sud\/camping-salavas\/\">Salavas<\/a> en zijn historische erfgoed, <a href=\"https:\/\/www.camping-mazet-plage.com\/camping-en-ardeche-sud\/camping-vagnas\/\">Vagnas<\/a> aan de poort van de Cevennen, <a href=\"https:\/\/www.camping-mazet-plage.com\/camping-en-ardeche-sud\/camping-lagorce\/\">Lagorce<\/a> en zijn magnanerie, <a href=\"https:\/\/www.camping-mazet-plage.com\/camping-en-ardeche-sud\/camping-chauzon\/\">Chauzon<\/a> en <a href=\"https:\/\/www.camping-mazet-plage.com\/camping-en-ardeche-sud\/camping-saint-alban-auriolles\/\">Saint Alban Auriolles<\/a> aan de oevers van de Ard\u00e8che&#8230; Sommige van deze dorpen behoren tot de mooiste van Frankrijk! En als je in juni komt, mag je het Aluna Festival niet missen!  <\/p>\n\n\n\n<p class=\"ls-paragraph\">Tot ziens op Mazet Plage voor een heerlijke kampeervakantie aan de rivier in de zuidelijke Ard\u00e8che!<\/p>\n<\/div>\n<\/div>\n\n\n\n<div class=\"wp-block-columns is-layout-flex wp-container-core-columns-is-layout-8 wp-block-columns-is-layout-flex\">\n<div class=\"wp-block-column is-layout-flow wp-block-column-is-layout-flow\">\n<div id=\"ls-cta-block_5bb05e3099c37323db95576b0b7e7a53\" class=\"ls-cta\">  \n    \n\n<a href=\"\/decouverte-de-lardeche\/\" target=\"\" rel=\"noopener\" class=\"ls-cta__link\">\n\n\t<div class=\"ls-cta__image\"><img decoding=\"async\" src=\"https:\/\/www.camping-mazet-plage.com\/wp-content\/uploads\/2022\/02\/camping-ardeche-tourisme.jpg\" alt=\"camping ardeche toerisme\"><\/div>\n\t<div class=\"ls-cta__title\">\n\t\tVisites et lieux d&#8217;int\u00e9r\u00eat\t<\/div>\n\n\t\t\n<\/a><\/div><\/div>\n\n\n\n<div class=\"wp-block-column is-layout-flow wp-block-column-is-layout-flow\">\n<div id=\"ls-cta-block_6ddf45bc4ada0b329d8fd71d441a944a\" class=\"ls-cta\">  \n    \n\n<a href=\"\/loisirs\/\" target=\"\" rel=\"noopener\" class=\"ls-cta__link\">\n\n\t<div class=\"ls-cta__image\"><img decoding=\"async\" src=\"https:\/\/www.camping-mazet-plage.com\/wp-content\/uploads\/2022\/02\/loisirs-ardeche-1.jpg\" alt=\"ardeche loisirs\"><\/div>\n\t<div class=\"ls-cta__title\">\n\t\tActivit\u00e9s et loisirs\t<\/div>\n\n\t\t\n<\/a><\/div><\/div>\n<\/div>\n<\/div>\n<\/div>\n\n\r\n    <\/div>\r\n<\/section>\n\n<section id=\"ls-section-block_c70653b3a001392f0370819e39a3cc22\" class=\"ls-section  home-sixth has-p-t p-t-0\" >\r\n        <div class=\"container container--wide\">\r\n        \n\n<h2 class=\"ls__heading wp-block-heading deco has-color-1-color has-text-color\">3 idee\u00ebn voor bezoeken en activiteiten<br>in de Zuidelijke Ard\u00e8che<\/h2>\n\n\n\n<div class=\"wp-block-columns is-layout-flex wp-container-core-columns-is-layout-10 wp-block-columns-is-layout-flex\">\n<div class=\"wp-block-column is-layout-flow wp-block-column-is-layout-flow\">\n<div id=\"ls-cta-block_7a585b7f09aee9154484db02d778f4ab\" class=\"ls-cta\">  \n    \n\n<a href=\"\/decouverte-de-lardeche\/la-ferme-de-bourlatier\/\" target=\"\" rel=\"noopener\" class=\"ls-cta__link\">\n\n\t<div class=\"ls-cta__image\"><img decoding=\"async\" src=\"https:\/\/www.camping-mazet-plage.com\/wp-content\/uploads\/2022\/02\/ardeche-ferme-bourtalier.jpg\" alt=\"ardeche ferme bourtalier\"><\/div>\n\t<div class=\"ls-cta__title\">\n\t\tLa ferme de Bourlatier\t<\/div>\n\n\t\t\n<\/a><\/div><\/div>\n\n\n\n<div class=\"wp-block-column is-layout-flow wp-block-column-is-layout-flow\">\n<div id=\"ls-cta-block_d77533eea43db1812a9b5087a2a44fc5\" class=\"ls-cta\">  \n    \n\n<a href=\"\/articles\/les-plus-beaux-villages-dardeche\/\" target=\"\" rel=\"noopener\" class=\"ls-cta__link\">\n\n\t<div class=\"ls-cta__image\"><img decoding=\"async\" src=\"https:\/\/www.camping-mazet-plage.com\/wp-content\/uploads\/2021\/12\/camping-mazet-plage-cta-village-ardeche.jpg\" alt=\"camping activiteiten Ard\u00e8che\"><\/div>\n\t<div class=\"ls-cta__title\">\n\t\tLes plus beaux villages d&#8217;Ard\u00e8che\t<\/div>\n\n\t\t\n<\/a><\/div><\/div>\n\n\n\n<div class=\"wp-block-column is-layout-flow wp-block-column-is-layout-flow\">\n<div id=\"ls-cta-block_0d8c853b6eef64f2562fa7247e97b2db\" class=\"ls-cta\">  \n    \n\n<a href=\"\/decouverte-de-lardeche\/laven-dorgnac\/\" target=\"\" rel=\"noopener\" class=\"ls-cta__link\">\n\n\t<div class=\"ls-cta__image\"><img decoding=\"async\" src=\"https:\/\/www.camping-mazet-plage.com\/wp-content\/uploads\/2021\/12\/camping-mazet-plage-cta-aven-orgnac.jpg\" alt=\"Camping Ard\u00e8che\"><\/div>\n\t<div class=\"ls-cta__title\">\n\t\tLes salles souterraines de l&#8217;Aven d&#8217;Orgnac\t<\/div>\n\n\t\t\n<\/a><\/div><\/div>\n<\/div>\n\n\r\n    <\/div>\r\n<\/section>\n\n<section id=\"ls-section-block_822aae3a978271e1a73d4bfffec01d99\" class=\"ls-section  home-seventh has-p-t p-t-0 has-p-b p-b-0\" >\r\n        <div class=\"container container--full\">\r\n        \n\n<h2 class=\"ls__heading wp-block-heading deco has-color-1-color has-text-color\">Diensten<\/h2>\n\n\r\n    <\/div>\r\n<\/section>\n\n<section id=\"ls-section-block_1fa3e976c5910747f6cef2813725d75b\" class=\"ls-section  home-seventh-2 has-background-image has-parallax has-background has-color-5-background-color\" >\r\n    <div class=\"ls-section__background-image opacity-40\"><img decoding=\"async\" src=\"https:\/\/www.camping-mazet-plage.com\/wp-content\/uploads\/2021\/12\/camping-mazet-plage-bg-section-services.jpg\" alt=\"camping diensten ardeche\"><\/div>    <div class=\"container container--full\">\r\n        \n\n<p class=\"ls-paragraph mazet-epicerie_icone_noir has-color-white-color has-text-color\">Boodschappen<\/p>\n\n\n\n<p class=\"ls-paragraph mazet-restaurant_icone_noir has-color-white-color has-text-color\"><span style=\"color:#fff\" class=\"tadv-color\">Restaurant<\/span><\/p>\n\n\n\n<p class=\"ls-paragraph mazet-laverie_icone_noir has-color-white-color has-text-color\">Wasserij<\/p>\n\n\n\n<p class=\"ls-paragraph mazet-bar_icone_noir has-color-white-color has-text-color\"><span style=\"color:#fff\" class=\"tadv-color\">Versnaperingsbar<\/span><\/p>\n\n\n\n<p class=\"ls-paragraph mazet-wifi_icone_noir has-color-white-color has-text-color\"><span style=\"color:#fff\" class=\"tadv-color\">Wifi<\/span><\/p>\n\n\r\n    <\/div>\r\n<\/section>\n\n<section id=\"ls-section-block_111293097cbf243275a9758c182a56f9\" class=\"ls-section  home-eight bgDecoOrange\" >\r\n        <div class=\"container container--full\">\r\n        \n<section id=\"ls-section-block_889f02cfac67db79cf93d44e414ca31d\" class=\"ls-section \" >\r\n        <div class=\"container container--wide\">\r\n        \n\n<h2 class=\"ls__heading wp-block-heading deco has-color-1-color has-text-color\">Je praat<br>over ons!<\/h2>\n\n\n<p><script defer async src='https:\/\/cdn.trustindex.io\/loader.js?fe856e770dee591399566338478'><\/script><\/p>\n\n\r\n    <\/div>\r\n<\/section>\n\r\n    <\/div>\r\n<\/section>\n\n<section id=\"ls-section-block_fbb0e824177525f63627bf2841ce32b7\" class=\"ls-section  home-nine\" >\r\n        <div class=\"container container--wide\">\r\n        \n\n<div id=\"ls-partenaires-block_10358b15661e875a1b9b872b58d985e8\" class=\"ls-partenaires aligncenter\" >\n    <div class=\"ls-partenaires__content\">\n                                    <img decoding=\"async\" src=\"https:\/\/www.camping-mazet-plage.com\/wp-content\/uploads\/2021\/12\/Annuaire-Via-Camping-Auvergne.png\" alt=\"camping annuaire berrias\" \/>\n                    <img decoding=\"async\" src=\"https:\/\/www.camping-mazet-plage.com\/wp-content\/uploads\/2021\/12\/ardeche-guide.png\" alt=\"ardeche guide\" \/>\n                    <img decoding=\"async\" src=\"https:\/\/www.camping-mazet-plage.com\/wp-content\/uploads\/2021\/12\/berrias-et-casteljau.png\" alt=\"camping berrias et casteljau\" \/>\n                    <img decoding=\"async\" src=\"https:\/\/www.camping-mazet-plage.com\/wp-content\/uploads\/2021\/12\/cevennes-ardeche.png\" alt=\"cevennes ardeche\" \/>\n                    <img decoding=\"async\" src=\"https:\/\/www.camping-mazet-plage.com\/wp-content\/uploads\/2021\/12\/les-vans.png\" alt=\"camping berrias les vans\" \/>\n                    <img decoding=\"async\" src=\"https:\/\/www.camping-mazet-plage.com\/wp-content\/uploads\/2021\/12\/Thema_Riverside_Ardeche_web.png\" alt=\"camping berrias thema ardeche\" \/>\n                    <img decoding=\"async\" src=\"https:\/\/www.camping-mazet-plage.com\/wp-content\/uploads\/2022\/02\/Recommended-by-JetCamp-30-1.png\" alt=\"\" \/>\n                \n                                                <a href=\"https:\/\/www.eurocampings.fr\/france\/rhone-alpes\/ardeche\/berrias-et-casteljau\/camping-mazet-plage-109874\/\" title=\"ACSI\" target=\"_blank\">\n                                <img decoding=\"async\" src=\"https:\/\/www.camping-mazet-plage.com\/wp-content\/uploads\/2022\/02\/Acsi_logo.gif\" alt=\"\" \/>\n            <\/a>\n                                <a href=\"https:\/\/www.campingdirect.com\/fr\/reservation-emplacement-mobil-home\/ardeche\/camping-berrias-casteljau\/camping-mazet-plage\" title=\"Eco Friendly\" target=\"_blank\">\n                                <img decoding=\"async\" src=\"https:\/\/www.camping-mazet-plage.com\/wp-content\/uploads\/2022\/02\/label-eco-friendly.png\" alt=\"\" \/>\n            <\/a>\n                    <\/div>\n<\/div>\n\r\n    <\/div>\r\n<\/section>\n\n\n<p class=\"ls-paragraph\"><\/p>\n","protected":false},"excerpt":{"rendered":"","protected":false},"author":1,"featured_media":0,"parent":0,"menu_order":0,"comment_status":"closed","ping_status":"closed","template":"","meta":{"footnotes":""},"sujet":[],"class_list":["post-64153","page","type-page","status-publish","hentry"],"acf":[],"yoast_head":"<!-- This site is optimized with the Yoast SEO plugin v21.9 - https:\/\/yoast.com\/wordpress\/plugins\/seo\/ -->\n<title>4-star campsite in Ard\u00e8che - Camping Sud Ard\u00e8che in Berrias and Casteljau<\/title>\n<meta name=\"description\" content=\"Le Mazet Plage, 4-sterrencamping Ard\u00e8che Sud bij de ingang van het Bois Pa\u00efolive in Casteljau, tussen Les Vans en Pont d&#039;Arc, aan de oever van de Chassezac.\" \/>\n<meta name=\"robots\" content=\"index, follow, max-snippet:-1, max-image-preview:large, max-video-preview:-1\" \/>\n<link rel=\"canonical\" href=\"https:\/\/www.camping-mazet-plage.com\/nl\/\" \/>\n<meta property=\"og:locale\" content=\"nl_NL\" \/>\n<meta property=\"og:type\" content=\"article\" \/>\n<meta property=\"og:title\" content=\"4-star campsite in Ard\u00e8che - Camping Sud Ard\u00e8che in Berrias and Casteljau\" \/>\n<meta property=\"og:description\" content=\"Le Mazet Plage, 4-sterrencamping Ard\u00e8che Sud bij de ingang van het Bois Pa\u00efolive in Casteljau, tussen Les Vans en Pont d&#039;Arc, aan de oever van de Chassezac.\" \/>\n<meta property=\"og:url\" content=\"https:\/\/www.camping-mazet-plage.com\/nl\/\" \/>\n<meta property=\"og:site_name\" content=\"Camping Mazet Plage\" \/>\n<meta property=\"article:modified_time\" content=\"2026-04-27T14:38:39+00:00\" \/>\n<meta property=\"og:image\" content=\"https:\/\/www.camping-mazet-plage.com\/wp-content\/uploads\/2022\/02\/camping-4-etoiles-ardeche-1024x683.jpg\" \/>\n<meta name=\"twitter:card\" content=\"summary_large_image\" \/>\n<meta name=\"twitter:label1\" content=\"Geschatte leestijd\" \/>\n\t<meta name=\"twitter:data1\" content=\"8 minuten\" \/>\n<script type=\"application\/ld+json\" class=\"yoast-schema-graph\">{\"@context\":\"https:\/\/schema.org\",\"@graph\":[{\"@type\":\"WebPage\",\"@id\":\"https:\/\/www.camping-mazet-plage.com\/nl\/\",\"url\":\"https:\/\/www.camping-mazet-plage.com\/nl\/\",\"name\":\"4-star campsite in Ard\u00e8che - Camping Sud Ard\u00e8che in Berrias and Casteljau\",\"isPartOf\":{\"@id\":\"https:\/\/www.camping-mazet-plage.com\/nl\/#website\"},\"datePublished\":\"2021-12-17T06:55:16+00:00\",\"dateModified\":\"2026-04-27T14:38:39+00:00\",\"description\":\"Le Mazet Plage, 4-sterrencamping Ard\u00e8che Sud bij de ingang van het Bois Pa\u00efolive in Casteljau, tussen Les Vans en Pont d'Arc, aan de oever van de Chassezac.\",\"breadcrumb\":{\"@id\":\"https:\/\/www.camping-mazet-plage.com\/nl\/#breadcrumb\"},\"inLanguage\":\"nl-NL\",\"potentialAction\":[{\"@type\":\"ReadAction\",\"target\":[\"https:\/\/www.camping-mazet-plage.com\/nl\/\"]}]},{\"@type\":\"BreadcrumbList\",\"@id\":\"https:\/\/www.camping-mazet-plage.com\/nl\/#breadcrumb\",\"itemListElement\":[{\"@type\":\"ListItem\",\"position\":1,\"name\":\"Camping Ard\u00e8che\",\"item\":\"https:\/\/www.camping-mazet-plage.com\/nl\/\"},{\"@type\":\"ListItem\",\"position\":2,\"name\":\"4-sterren camping Ard\u00e8che\"}]},{\"@type\":\"WebSite\",\"@id\":\"https:\/\/www.camping-mazet-plage.com\/nl\/#website\",\"url\":\"https:\/\/www.camping-mazet-plage.com\/nl\/\",\"name\":\"Camping Mazet Plage\",\"description\":\"\",\"publisher\":{\"@id\":\"https:\/\/www.camping-mazet-plage.com\/nl\/#organization\"},\"potentialAction\":[{\"@type\":\"SearchAction\",\"target\":{\"@type\":\"EntryPoint\",\"urlTemplate\":\"https:\/\/www.camping-mazet-plage.com\/nl\/?s={search_term_string}\"},\"query-input\":\"required name=search_term_string\"}],\"inLanguage\":\"nl-NL\"},{\"@type\":\"Organization\",\"@id\":\"https:\/\/www.camping-mazet-plage.com\/nl\/#organization\",\"name\":\"Camping Mazet Plage\",\"url\":\"https:\/\/www.camping-mazet-plage.com\/nl\/\",\"logo\":{\"@type\":\"ImageObject\",\"inLanguage\":\"nl-NL\",\"@id\":\"https:\/\/www.camping-mazet-plage.com\/nl\/#\/schema\/logo\/image\/\",\"url\":\"https:\/\/www.camping-mazet-plage.com\/wp-content\/uploads\/2022\/02\/logo-footer.jpg\",\"contentUrl\":\"https:\/\/www.camping-mazet-plage.com\/wp-content\/uploads\/2022\/02\/logo-footer.jpg\",\"width\":352,\"height\":434,\"caption\":\"Camping Mazet Plage\"},\"image\":{\"@id\":\"https:\/\/www.camping-mazet-plage.com\/nl\/#\/schema\/logo\/image\/\"}}]}<\/script>\n<!-- \/ Yoast SEO plugin. -->","yoast_head_json":{"title":"4-star campsite in Ard\u00e8che - Camping Sud Ard\u00e8che in Berrias and Casteljau","description":"Le Mazet Plage, 4-sterrencamping Ard\u00e8che Sud bij de ingang van het Bois Pa\u00efolive in Casteljau, tussen Les Vans en Pont d'Arc, aan de oever van de Chassezac.","robots":{"index":"index","follow":"follow","max-snippet":"max-snippet:-1","max-image-preview":"max-image-preview:large","max-video-preview":"max-video-preview:-1"},"canonical":"https:\/\/www.camping-mazet-plage.com\/nl\/","og_locale":"nl_NL","og_type":"article","og_title":"4-star campsite in Ard\u00e8che - Camping Sud Ard\u00e8che in Berrias and Casteljau","og_description":"Le Mazet Plage, 4-sterrencamping Ard\u00e8che Sud bij de ingang van het Bois Pa\u00efolive in Casteljau, tussen Les Vans en Pont d'Arc, aan de oever van de Chassezac.","og_url":"https:\/\/www.camping-mazet-plage.com\/nl\/","og_site_name":"Camping Mazet Plage","article_modified_time":"2026-04-27T14:38:39+00:00","og_image":[{"url":"https:\/\/www.camping-mazet-plage.com\/wp-content\/uploads\/2022\/02\/camping-4-etoiles-ardeche-1024x683.jpg"}],"twitter_card":"summary_large_image","twitter_misc":{"Geschatte leestijd":"8 minuten"},"schema":{"@context":"https:\/\/schema.org","@graph":[{"@type":"WebPage","@id":"https:\/\/www.camping-mazet-plage.com\/nl\/","url":"https:\/\/www.camping-mazet-plage.com\/nl\/","name":"4-star campsite in Ard\u00e8che - Camping Sud Ard\u00e8che in Berrias and Casteljau","isPartOf":{"@id":"https:\/\/www.camping-mazet-plage.com\/nl\/#website"},"datePublished":"2021-12-17T06:55:16+00:00","dateModified":"2026-04-27T14:38:39+00:00","description":"Le Mazet Plage, 4-sterrencamping Ard\u00e8che Sud bij de ingang van het Bois Pa\u00efolive in Casteljau, tussen Les Vans en Pont d'Arc, aan de oever van de Chassezac.","breadcrumb":{"@id":"https:\/\/www.camping-mazet-plage.com\/nl\/#breadcrumb"},"inLanguage":"nl-NL","potentialAction":[{"@type":"ReadAction","target":["https:\/\/www.camping-mazet-plage.com\/nl\/"]}]},{"@type":"BreadcrumbList","@id":"https:\/\/www.camping-mazet-plage.com\/nl\/#breadcrumb","itemListElement":[{"@type":"ListItem","position":1,"name":"Camping Ard\u00e8che","item":"https:\/\/www.camping-mazet-plage.com\/nl\/"},{"@type":"ListItem","position":2,"name":"4-sterren camping Ard\u00e8che"}]},{"@type":"WebSite","@id":"https:\/\/www.camping-mazet-plage.com\/nl\/#website","url":"https:\/\/www.camping-mazet-plage.com\/nl\/","name":"Camping Mazet Plage","description":"","publisher":{"@id":"https:\/\/www.camping-mazet-plage.com\/nl\/#organization"},"potentialAction":[{"@type":"SearchAction","target":{"@type":"EntryPoint","urlTemplate":"https:\/\/www.camping-mazet-plage.com\/nl\/?s={search_term_string}"},"query-input":"required name=search_term_string"}],"inLanguage":"nl-NL"},{"@type":"Organization","@id":"https:\/\/www.camping-mazet-plage.com\/nl\/#organization","name":"Camping Mazet Plage","url":"https:\/\/www.camping-mazet-plage.com\/nl\/","logo":{"@type":"ImageObject","inLanguage":"nl-NL","@id":"https:\/\/www.camping-mazet-plage.com\/nl\/#\/schema\/logo\/image\/","url":"https:\/\/www.camping-mazet-plage.com\/wp-content\/uploads\/2022\/02\/logo-footer.jpg","contentUrl":"https:\/\/www.camping-mazet-plage.com\/wp-content\/uploads\/2022\/02\/logo-footer.jpg","width":352,"height":434,"caption":"Camping Mazet Plage"},"image":{"@id":"https:\/\/www.camping-mazet-plage.com\/nl\/#\/schema\/logo\/image\/"}}]}},"_links":{"self":[{"href":"https:\/\/www.camping-mazet-plage.com\/nl\/wp-json\/wp\/v2\/pages\/64153"}],"collection":[{"href":"https:\/\/www.camping-mazet-plage.com\/nl\/wp-json\/wp\/v2\/pages"}],"about":[{"href":"https:\/\/www.camping-mazet-plage.com\/nl\/wp-json\/wp\/v2\/types\/page"}],"author":[{"embeddable":true,"href":"https:\/\/www.camping-mazet-plage.com\/nl\/wp-json\/wp\/v2\/users\/1"}],"replies":[{"embeddable":true,"href":"https:\/\/www.camping-mazet-plage.com\/nl\/wp-json\/wp\/v2\/comments?post=64153"}],"version-history":[{"count":22,"href":"https:\/\/www.camping-mazet-plage.com\/nl\/wp-json\/wp\/v2\/pages\/64153\/revisions"}],"predecessor-version":[{"id":65071,"href":"https:\/\/www.camping-mazet-plage.com\/nl\/wp-json\/wp\/v2\/pages\/64153\/revisions\/65071"}],"wp:attachment":[{"href":"https:\/\/www.camping-mazet-plage.com\/nl\/wp-json\/wp\/v2\/media?parent=64153"}],"wp:term":[{"taxonomy":"sujet","embeddable":true,"href":"https:\/\/www.camping-mazet-plage.com\/nl\/wp-json\/wp\/v2\/sujet?post=64153"}],"curies":[{"name":"wp","href":"https:\/\/api.w.org\/{rel}","templated":true}]}}