{"id":64137,"date":"2021-12-17T07:55:48","date_gmt":"2021-12-17T06:55:48","guid":{"rendered":"https:\/\/www.camping-mazet-plage.com\/goedkoop-kamperen-in-de-ardeche\/"},"modified":"2025-09-04T16:07:25","modified_gmt":"2025-09-04T14:07:25","slug":"goedkoop-kamperen-in-de-ardeche","status":"publish","type":"page","link":"https:\/\/www.camping-mazet-plage.com\/nl\/goedkoop-kamperen-in-de-ardeche\/","title":{"rendered":"Tarieven"},"content":{"rendered":"<section id=\"ls-section-block_011cc57a411351be7d65a74597cd20b5\" class=\"ls-section   bgDecoGris\" >\r\n        <div class=\"container container--full\">\r\n        \n\n<div class=\"wp-block-columns are-vertically-aligned-center is-layout-flex wp-container-core-columns-is-layout-1 wp-block-columns-is-layout-flex\">\n<div class=\"wp-block-column is-vertically-aligned-center is-layout-flow wp-block-column-is-layout-flow\" style=\"flex-basis:40%\">\n<h1 class=\"ls__heading wp-block-heading deco has-color-1-color has-text-color\">Goedkoop kamperen in Ard\u00e8che<\/h1>\n\n\n\n<p class=\"ls-paragraph\"><strong><span style=\"color:#f56038\" class=\"tadv-color\">Hieronder vindt u de huurprijzen voor laag- en hoogseizoen voor stacaravans en staanplaatsen op onze voordelige camping in de Ard\u00e8che.<\/span><\/strong>. Zo kunt u <span style=\"color:#000\" class=\"tadv-color\">uw data kiezen op basis van uw budget<\/span>.<br\/> De tarieven voor stacaravans worden gegeven voor een <strong><span style=\"color:#f56038\" class=\"tadv-color\">week<\/span><\/strong>van zaterdag tot zaterdag, op basis van 6 personen (maximale capaciteit van de bungalow). Voor kampeerplaatsen worden de prijzen per dag gegeven, met aankomst en vertrek om 12 uur.  <\/p>\n\n\n\n<p class=\"ls-paragraph\"><br\/><span class=\"tadv-color\" style=\"color:#000\">Je vindt hier ook prijzen voor eventuele extra&#8217;s, zoals het huren van een babypakket (kinderbedje, kinderstoel, minibadje, etc.) of het meenemen van een huisdier. Let op: honden van categorie 1 en 2 zijn niet toegestaan op onze <a class=\"hide-link\" href=\"https:\/\/www.bon-plan-camping.fr\/auvergne-rhone-alpes\/ardeche\/\" target=\"_blank\" rel=\"noopener\">budgetcamping in de Ard\u00e8che<\/a>. Het is ook mogelijk om het bedrag geheel of gedeeltelijk te betalen met Ch\u00e8ques Vacances (vakantiecheques), waardoor je verblijf op <a href=\"\/\">onze 4-sterren camping in de Ard\u00e8che<\/a> Sud nog aantrekkelijker wordt!  <\/span><\/p>\n<\/div>\n\n\n\n<div class=\"wp-block-column is-vertically-aligned-center ls-slider-innerContent is-layout-flow wp-block-column-is-layout-flow\" style=\"flex-basis:60%\">\n<figure class=\"wp-block-image size-large\"><a href=\"https:\/\/www.camping-mazet-plage.com\/wp-content\/uploads\/2022\/01\/camping-berrias-location.jpg\"><img decoding=\"async\" width=\"1024\" height=\"683\" src=\"https:\/\/www.camping-mazet-plage.com\/wp-content\/uploads\/2022\/01\/camping-berrias-location-1024x683.jpg\" alt=\"ligging camping berrias\" class=\"wp-image-1030\" srcset=\"https:\/\/www.camping-mazet-plage.com\/wp-content\/uploads\/2022\/01\/camping-berrias-location-1024x683.jpg 1024w, https:\/\/www.camping-mazet-plage.com\/wp-content\/uploads\/2022\/01\/camping-berrias-location-300x200.jpg 300w, https:\/\/www.camping-mazet-plage.com\/wp-content\/uploads\/2022\/01\/camping-berrias-location-768x512.jpg 768w, https:\/\/www.camping-mazet-plage.com\/wp-content\/uploads\/2022\/01\/camping-berrias-location.jpg 1200w\" sizes=\"(max-width: 1024px) 100vw, 1024px\" \/><\/a><\/figure>\n\n\n\n<figure class=\"wp-block-image size-large\"><a href=\"https:\/\/www.camping-mazet-plage.com\/wp-content\/uploads\/2022\/01\/camping-berrias-emplacement2.jpg\"><img decoding=\"async\" width=\"1024\" height=\"683\" src=\"https:\/\/www.camping-mazet-plage.com\/wp-content\/uploads\/2022\/01\/camping-berrias-emplacement2-1024x683.jpg\" alt=\"camping berrias emplacement\" class=\"wp-image-1031\" srcset=\"https:\/\/www.camping-mazet-plage.com\/wp-content\/uploads\/2022\/01\/camping-berrias-emplacement2-1024x683.jpg 1024w, https:\/\/www.camping-mazet-plage.com\/wp-content\/uploads\/2022\/01\/camping-berrias-emplacement2-300x200.jpg 300w, https:\/\/www.camping-mazet-plage.com\/wp-content\/uploads\/2022\/01\/camping-berrias-emplacement2-768x512.jpg 768w, https:\/\/www.camping-mazet-plage.com\/wp-content\/uploads\/2022\/01\/camping-berrias-emplacement2.jpg 1200w\" sizes=\"(max-width: 1024px) 100vw, 1024px\" \/><\/a><\/figure>\n\n\n\n<figure class=\"wp-block-image size-large\"><a href=\"https:\/\/www.camping-mazet-plage.com\/wp-content\/uploads\/2022\/01\/camping-berrias-location2.jpg\"><img decoding=\"async\" width=\"1024\" height=\"683\" src=\"https:\/\/www.camping-mazet-plage.com\/wp-content\/uploads\/2022\/01\/camping-berrias-location2-1024x683.jpg\" alt=\"ligging camping berrias\" class=\"wp-image-1032\" srcset=\"https:\/\/www.camping-mazet-plage.com\/wp-content\/uploads\/2022\/01\/camping-berrias-location2-1024x683.jpg 1024w, https:\/\/www.camping-mazet-plage.com\/wp-content\/uploads\/2022\/01\/camping-berrias-location2-300x200.jpg 300w, https:\/\/www.camping-mazet-plage.com\/wp-content\/uploads\/2022\/01\/camping-berrias-location2-768x512.jpg 768w, https:\/\/www.camping-mazet-plage.com\/wp-content\/uploads\/2022\/01\/camping-berrias-location2.jpg 1200w\" sizes=\"(max-width: 1024px) 100vw, 1024px\" \/><\/a><\/figure>\n\n\n\n<figure class=\"wp-block-image size-large\"><a href=\"https:\/\/www.camping-mazet-plage.com\/wp-content\/uploads\/2022\/02\/camping-pas-cher-ardeche.jpg\"><img decoding=\"async\" width=\"1024\" height=\"683\" src=\"https:\/\/www.camping-mazet-plage.com\/wp-content\/uploads\/2022\/02\/camping-pas-cher-ardeche-1024x683.jpg\" alt=\"camping pas cher ardeche\" class=\"wp-image-58618\" srcset=\"https:\/\/www.camping-mazet-plage.com\/wp-content\/uploads\/2022\/02\/camping-pas-cher-ardeche-1024x683.jpg 1024w, https:\/\/www.camping-mazet-plage.com\/wp-content\/uploads\/2022\/02\/camping-pas-cher-ardeche-300x200.jpg 300w, https:\/\/www.camping-mazet-plage.com\/wp-content\/uploads\/2022\/02\/camping-pas-cher-ardeche-768x512.jpg 768w, https:\/\/www.camping-mazet-plage.com\/wp-content\/uploads\/2022\/02\/camping-pas-cher-ardeche.jpg 1200w\" sizes=\"(max-width: 1024px) 100vw, 1024px\" \/><\/a><\/figure>\n<\/div>\n<\/div>\n\n\r\n    <\/div>\r\n<\/section><section id=\"ls-section-block_f18391d43ff30ccd4338add05eb12bde\" class=\"ls-section \" >\r\n        <div class=\"container \">\r\n        \n\n<thr-simpleblock category-type=\"both\"><\/thr-simpleblock>\n\n\r\n    <\/div>\r\n<\/section><section id=\"ls-section-block_a3a90bd1cd6ef675bf5074a0984b2cd4\" class=\"ls-section   bgDecoOrange\" >\r\n        <div class=\"container container--full\">\r\n        \n\n<div class=\"wp-block-columns are-vertically-aligned-center is-layout-flex wp-container-core-columns-is-layout-2 wp-block-columns-is-layout-flex\">\n<div class=\"wp-block-column is-vertically-aligned-center is-layout-flow wp-block-column-is-layout-flow\" style=\"flex-basis:60%\">\n<figure class=\"wp-block-image size-large imageRoundFull\"><a href=\"https:\/\/www.camping-mazet-plage.com\/wp-content\/uploads\/2022\/02\/camping-petit-prix-ardeche.jpg\"><img decoding=\"async\" width=\"1024\" height=\"1024\" src=\"https:\/\/www.camping-mazet-plage.com\/wp-content\/uploads\/2022\/02\/camping-petit-prix-ardeche-1024x1024.jpg\" alt=\"camping petit prix ardeche\" class=\"wp-image-58621\" srcset=\"https:\/\/www.camping-mazet-plage.com\/wp-content\/uploads\/2022\/02\/camping-petit-prix-ardeche-1024x1024.jpg 1024w, https:\/\/www.camping-mazet-plage.com\/wp-content\/uploads\/2022\/02\/camping-petit-prix-ardeche-300x300.jpg 300w, https:\/\/www.camping-mazet-plage.com\/wp-content\/uploads\/2022\/02\/camping-petit-prix-ardeche-150x150.jpg 150w, https:\/\/www.camping-mazet-plage.com\/wp-content\/uploads\/2022\/02\/camping-petit-prix-ardeche-768x768.jpg 768w, https:\/\/www.camping-mazet-plage.com\/wp-content\/uploads\/2022\/02\/camping-petit-prix-ardeche.jpg 1100w\" sizes=\"(max-width: 1024px) 100vw, 1024px\" \/><\/a><\/figure>\n<\/div>\n\n\n\n<div class=\"wp-block-column is-vertically-aligned-center is-layout-flow wp-block-column-is-layout-flow\" style=\"flex-basis:40%\">\n<h2 class=\"ls__heading wp-block-heading has-text-align-right deco has-color-1-color has-text-color\">Verhuur van stacaravans vanaf <br\/>399 \u20ac per week in Ard\u00e8che<\/h2>\n\n\n\n<p class=\"ls-paragraph\">Ben je op zoek naar accommodatie voor een verblijf <strong><span style=\"color:#f56038\" class=\"tadv-color\">kampeervakantie in Ard\u00e8ch<\/span><\/strong>e ? Camping Mazet Plage biedt u een ruime keuze aan <strong><span style=\"color:#f56038\" class=\"tadv-color\">stacaravans met korting<\/span><\/strong>ideaal om geld te besparen en optimaal van uw verblijf te genieten. <\/p>\n\n\n\n<p class=\"ls-paragraph\"><br\/>Profiteer buiten het seizoen van <strong><span class=\"tadv-color\" style=\"color:#f56038\">verlaagde tarieven vanaf \u20ac 399 per week<\/span><\/strong> vanaf 1 april voor een <a href=\"https:\/\/www.camping-mazet-plage.com\/nl\/locatie-stacaravan-ardeche\/\">huuraccommodatie in een stacaravan in de Ard\u00e8che<\/a> voor 6 personen. Er zijn ook geweldige aanbiedingen tijdens de zomerperiode: huur een stacaravan voor slechts<strong><span class=\"tadv-color\" style=\"color:#f56038\"> 590 per week tijdens de laatste week van augustus.<\/span><\/strong>. Mis onze kortingen op campings het hele jaar door niet!  <\/p>\n<\/div>\n<\/div>\n\n\r\n    <\/div>\r\n<\/section><section id=\"ls-section-block_f49d78807777ef31d9333ce4d0f859e8\" class=\"ls-section  modeleSection has-p-b p-b-0\" >\r\n        <div class=\"container container--full\">\r\n        \n\n<figure class=\"wp-block-image size-full imageModeleSection\"><img decoding=\"async\" width=\"1900\" height=\"774\" src=\"https:\/\/www.camping-mazet-plage.com\/wp-content\/uploads\/2022\/02\/camping-meilleur-prix-ardeche.jpg\" alt=\"camping beste prijs ardeche\" class=\"wp-image-58753\" srcset=\"https:\/\/www.camping-mazet-plage.com\/wp-content\/uploads\/2022\/02\/camping-meilleur-prix-ardeche.jpg 1900w, https:\/\/www.camping-mazet-plage.com\/wp-content\/uploads\/2022\/02\/camping-meilleur-prix-ardeche-300x122.jpg 300w, https:\/\/www.camping-mazet-plage.com\/wp-content\/uploads\/2022\/02\/camping-meilleur-prix-ardeche-1024x417.jpg 1024w, https:\/\/www.camping-mazet-plage.com\/wp-content\/uploads\/2022\/02\/camping-meilleur-prix-ardeche-768x313.jpg 768w, https:\/\/www.camping-mazet-plage.com\/wp-content\/uploads\/2022\/02\/camping-meilleur-prix-ardeche-1536x626.jpg 1536w\" sizes=\"(max-width: 1900px) 100vw, 1900px\" \/><\/figure>\n\n\n\n<div class=\"wp-block-columns containerContenuModeleSection is-layout-flex wp-container-core-columns-is-layout-4 wp-block-columns-is-layout-flex\">\n<div class=\"wp-block-column contenuModeleSection is-layout-flow wp-block-column-is-layout-flow\" style=\"flex-basis:80%\">\n<h2 class=\"ls__heading wp-block-heading deco has-color-1-color has-text-color\">Kampeerplaatsen vanaf \u20ac17.00 per dag <br\/>in Berrias-et-Casteljau<\/h2>\n\n\n\n<div class=\"wp-block-columns is-layout-flex wp-container-core-columns-is-layout-3 wp-block-columns-is-layout-flex\">\n<div class=\"wp-block-column is-layout-flow wp-block-column-is-layout-flow\">\n<p class=\"ls-paragraph\">Je gaat weg met een caravan of camper en <span style=\"color:#000\" class=\"tadv-color\">wilt een geschikte<\/span><strong><span style=\"color:#f56038\" class=\"tadv-color\"> <\/span><\/strong>goedkope <a href=\"https:\/\/www.camping-mazet-plage.com\/nl\/campingplaats-ardeche\/\">kampeerplaatsen in de Ard\u00e8che<\/a>? Op onze goedkope camping in de Ard\u00e8che, Le Mazet Plage, wachten aangename schaduwrijke staanplaatsen midden in de natuur op je om je tent op te zetten of je stacaravan neer te zetten tegen een lage prijs. <br\/><\/p>\n\n\n\n<p class=\"ls-paragraph\">Buiten juli en augustus bieden we een pakket voor 2 personen met parkeerplaats en toegang tot warme douches <strong><span class=\"tadv-color\" style=\"color:#f56038\">vanaf slechts \u20ac17.00<\/span><\/strong>. Geniet van een voordelig verblijf op een <span class=\"tadv-color\" style=\"color:#000\">idyllische familiecamping in het departement Ard\u00e8che,<\/span> vlakbij Vallon Pont d&#8217;Arc en de Gorges de l&#8217;Ard\u00e8che. <\/p>\n<\/div>\n\n\n\n<div class=\"wp-block-column is-layout-flow wp-block-column-is-layout-flow\">\n<p class=\"ls-paragraph\"><span style=\"color:#000\" class=\"tadv-color\">Kampeerplaatsen zijn het hele jaar door gratis voor kinderen jonger dan 2 jaar. A   <\/span><strong><span style=\"color:#f56038\" class=\"tadv-color\">goedkope vakanties<\/span><\/strong><span style=\"color:#000\" class=\"tadv-color\"> op camping Berrias-et-Casteljau om optimaal te genieten van uw gezinsvakantie in de zuidelijke Ard\u00e8che. <\/span> <\/p>\n\n\n\n<p class=\"ls-paragraph\">Tot ziens op Mazet Plage voor een heerlijke kampeervakantie aan de rivier in de zuidelijke Ard\u00e8che!<\/p>\n<\/div>\n<\/div>\n<\/div>\n<\/div>\n\n\r\n    <\/div>\r\n<\/section><section id=\"ls-section-block_a83d34daa9df5c8d9d1231f233436209\" class=\"ls-section  has-p-t p-t-0\" >\r\n        <div class=\"container container--wide\">\r\n        \n\n<p class=\"ls-paragraph has-text-align-center has-color-1-color has-text-color\" style=\"font-size:30px\"><span style=\"color:#12492f\" class=\"tadv-color\"><strong> <span class=\"has-inline-color has-color-1-color\"><strong>Ontdek de stacaravans en kampeerplaatsen op onze camping<\/strong><\/span><\/strong><\/span><\/p>\n\n\n\n<div id=\"ls-maillage-block_4a0532cf6f309187e52c7368c37ccc6a\" class=\"ls-maillage cta-style-normal\" data-rows=\"3\">\n\n    <div class=\"wp-block-columns\"><div class=\"wp-block-column ls-cta\">\n\n<a href=\"https:\/\/www.camping-mazet-plage.com\/nl\/campingplaats-ardeche\/\" target=\"\" rel=\"noopener\" class=\"ls-cta__link\">\n\n\t<div class=\"ls-cta__image\"><img decoding=\"async\" src=\"https:\/\/www.camping-mazet-plage.com\/wp-content\/uploads\/2022\/01\/louer-emplacement-ardeche.jpg\" alt=\"verhuurlocatie ardeche\"><\/div>\n\t<div class=\"ls-cta__title\">\n\t\tLocatie\t<\/div>\n\n\t\t\n<\/a><\/div><div class=\"wp-block-column ls-cta\">\n\n<a href=\"https:\/\/www.camping-mazet-plage.com\/nl\/locatie-stacaravan-ardeche\/\" target=\"\" rel=\"noopener\" class=\"ls-cta__link\">\n\n\t<div class=\"ls-cta__image\"><img decoding=\"async\" src=\"https:\/\/www.camping-mazet-plage.com\/wp-content\/uploads\/2022\/01\/location-mobil-home-ardeche.jpg\" alt=\"locatie-mobil-home-ardechelocatie mobil home ardeche\"><\/div>\n\t<div class=\"ls-cta__title\">\n\t\tStacaravan\t<\/div>\n\n\t\t\n<\/a><\/div><div class=\"wp-block-column ls-cta\">\n\n<a href=\"https:\/\/www.camping-mazet-plage.com\/nl\/camping-ardeche-zwembad\/\" target=\"\" rel=\"noopener\" class=\"ls-cta__link\">\n\n\t<div class=\"ls-cta__image\"><img decoding=\"async\" src=\"https:\/\/www.camping-mazet-plage.com\/wp-content\/uploads\/2022\/02\/camping-piscine-chauffee-ardeche-1.jpg\" alt=\"camping verwarmd zwembad ardeche\"><\/div>\n\t<div class=\"ls-cta__title\">\n\t\tZwembad\t<\/div>\n\n\t\t\n<\/a><\/div><\/div>\n<\/div>\n\r\n    <\/div>\r\n<\/section>","protected":false},"excerpt":{"rendered":"","protected":false},"author":1,"featured_media":64148,"parent":0,"menu_order":0,"comment_status":"closed","ping_status":"closed","template":"","meta":{"footnotes":""},"sujet":[],"class_list":["post-64137","page","type-page","status-publish","has-post-thumbnail","hentry"],"acf":[],"yoast_head":"<!-- This site is optimized with the Yoast SEO plugin v21.9 - https:\/\/yoast.com\/wordpress\/plugins\/seo\/ -->\n<title>Camping Ardeche pas cher | Campings vanaf 15.80 per nacht in Ard\u00e8che<\/title>\n<meta name=\"description\" content=\"Op zoek naar een goedkope camping in de Ard\u00e8che? Bekijk de prijslijst van onze stacaravans en staanplaatsen in de Ard\u00e8che\" \/>\n<meta name=\"robots\" content=\"index, follow, max-snippet:-1, max-image-preview:large, max-video-preview:-1\" \/>\n<link rel=\"canonical\" href=\"https:\/\/www.camping-mazet-plage.com\/nl\/goedkoop-kamperen-in-de-ardeche\/\" \/>\n<meta property=\"og:locale\" content=\"nl_NL\" \/>\n<meta property=\"og:type\" content=\"article\" \/>\n<meta property=\"og:title\" content=\"Camping Ardeche pas cher | Campings vanaf 15.80 per nacht in Ard\u00e8che\" \/>\n<meta property=\"og:description\" content=\"Op zoek naar een goedkope camping in de Ard\u00e8che? Bekijk de prijslijst van onze stacaravans en staanplaatsen in de Ard\u00e8che\" \/>\n<meta property=\"og:url\" content=\"https:\/\/www.camping-mazet-plage.com\/nl\/goedkoop-kamperen-in-de-ardeche\/\" \/>\n<meta property=\"og:site_name\" content=\"Camping Mazet Plage\" \/>\n<meta property=\"article:modified_time\" content=\"2025-09-04T14:07:25+00:00\" \/>\n<meta property=\"og:image\" content=\"https:\/\/www.camping-mazet-plage.com\/wp-content\/uploads\/2022\/01\/entete-camping-pas-cher-ardeche.jpg\" \/>\n\t<meta property=\"og:image:width\" content=\"1920\" \/>\n\t<meta property=\"og:image:height\" content=\"606\" \/>\n\t<meta property=\"og:image:type\" content=\"image\/jpeg\" \/>\n<meta name=\"twitter:card\" content=\"summary_large_image\" \/>\n<meta name=\"twitter:label1\" content=\"Geschatte leestijd\" \/>\n\t<meta name=\"twitter:data1\" content=\"2 minuten\" \/>\n<script type=\"application\/ld+json\" class=\"yoast-schema-graph\">{\"@context\":\"https:\/\/schema.org\",\"@graph\":[{\"@type\":\"WebPage\",\"@id\":\"https:\/\/www.camping-mazet-plage.com\/nl\/goedkoop-kamperen-in-de-ardeche\/\",\"url\":\"https:\/\/www.camping-mazet-plage.com\/nl\/goedkoop-kamperen-in-de-ardeche\/\",\"name\":\"Camping Ardeche pas cher | Campings vanaf 15.80 per nacht in Ard\u00e8che\",\"isPartOf\":{\"@id\":\"https:\/\/www.camping-mazet-plage.com\/nl\/#website\"},\"datePublished\":\"2021-12-17T06:55:48+00:00\",\"dateModified\":\"2025-09-04T14:07:25+00:00\",\"description\":\"Op zoek naar een goedkope camping in de Ard\u00e8che? Bekijk de prijslijst van onze stacaravans en staanplaatsen in de Ard\u00e8che\",\"breadcrumb\":{\"@id\":\"https:\/\/www.camping-mazet-plage.com\/nl\/goedkoop-kamperen-in-de-ardeche\/#breadcrumb\"},\"inLanguage\":\"nl-NL\",\"potentialAction\":[{\"@type\":\"ReadAction\",\"target\":[\"https:\/\/www.camping-mazet-plage.com\/nl\/goedkoop-kamperen-in-de-ardeche\/\"]}]},{\"@type\":\"BreadcrumbList\",\"@id\":\"https:\/\/www.camping-mazet-plage.com\/nl\/goedkoop-kamperen-in-de-ardeche\/#breadcrumb\",\"itemListElement\":[{\"@type\":\"ListItem\",\"position\":1,\"name\":\"Camping Ard\u00e8che\",\"item\":\"https:\/\/www.camping-mazet-plage.com\/nl\/\"},{\"@type\":\"ListItem\",\"position\":2,\"name\":\"Camping Ardeche pas cher\"}]},{\"@type\":\"WebSite\",\"@id\":\"https:\/\/www.camping-mazet-plage.com\/nl\/#website\",\"url\":\"https:\/\/www.camping-mazet-plage.com\/nl\/\",\"name\":\"Camping Mazet Plage\",\"description\":\"\",\"publisher\":{\"@id\":\"https:\/\/www.camping-mazet-plage.com\/nl\/#organization\"},\"potentialAction\":[{\"@type\":\"SearchAction\",\"target\":{\"@type\":\"EntryPoint\",\"urlTemplate\":\"https:\/\/www.camping-mazet-plage.com\/nl\/?s={search_term_string}\"},\"query-input\":\"required name=search_term_string\"}],\"inLanguage\":\"nl-NL\"},{\"@type\":\"Organization\",\"@id\":\"https:\/\/www.camping-mazet-plage.com\/nl\/#organization\",\"name\":\"Camping Mazet Plage\",\"url\":\"https:\/\/www.camping-mazet-plage.com\/nl\/\",\"logo\":{\"@type\":\"ImageObject\",\"inLanguage\":\"nl-NL\",\"@id\":\"https:\/\/www.camping-mazet-plage.com\/nl\/#\/schema\/logo\/image\/\",\"url\":\"https:\/\/www.camping-mazet-plage.com\/wp-content\/uploads\/2022\/02\/logo-footer.jpg\",\"contentUrl\":\"https:\/\/www.camping-mazet-plage.com\/wp-content\/uploads\/2022\/02\/logo-footer.jpg\",\"width\":352,\"height\":434,\"caption\":\"Camping Mazet Plage\"},\"image\":{\"@id\":\"https:\/\/www.camping-mazet-plage.com\/nl\/#\/schema\/logo\/image\/\"}}]}<\/script>\n<!-- \/ Yoast SEO plugin. -->","yoast_head_json":{"title":"Camping Ardeche pas cher | Campings vanaf 15.80 per nacht in Ard\u00e8che","description":"Op zoek naar een goedkope camping in de Ard\u00e8che? Bekijk de prijslijst van onze stacaravans en staanplaatsen in de Ard\u00e8che","robots":{"index":"index","follow":"follow","max-snippet":"max-snippet:-1","max-image-preview":"max-image-preview:large","max-video-preview":"max-video-preview:-1"},"canonical":"https:\/\/www.camping-mazet-plage.com\/nl\/goedkoop-kamperen-in-de-ardeche\/","og_locale":"nl_NL","og_type":"article","og_title":"Camping Ardeche pas cher | Campings vanaf 15.80 per nacht in Ard\u00e8che","og_description":"Op zoek naar een goedkope camping in de Ard\u00e8che? Bekijk de prijslijst van onze stacaravans en staanplaatsen in de Ard\u00e8che","og_url":"https:\/\/www.camping-mazet-plage.com\/nl\/goedkoop-kamperen-in-de-ardeche\/","og_site_name":"Camping Mazet Plage","article_modified_time":"2025-09-04T14:07:25+00:00","og_image":[{"width":1920,"height":606,"url":"https:\/\/www.camping-mazet-plage.com\/wp-content\/uploads\/2022\/01\/entete-camping-pas-cher-ardeche.jpg","type":"image\/jpeg"}],"twitter_card":"summary_large_image","twitter_misc":{"Geschatte leestijd":"2 minuten"},"schema":{"@context":"https:\/\/schema.org","@graph":[{"@type":"WebPage","@id":"https:\/\/www.camping-mazet-plage.com\/nl\/goedkoop-kamperen-in-de-ardeche\/","url":"https:\/\/www.camping-mazet-plage.com\/nl\/goedkoop-kamperen-in-de-ardeche\/","name":"Camping Ardeche pas cher | Campings vanaf 15.80 per nacht in Ard\u00e8che","isPartOf":{"@id":"https:\/\/www.camping-mazet-plage.com\/nl\/#website"},"datePublished":"2021-12-17T06:55:48+00:00","dateModified":"2025-09-04T14:07:25+00:00","description":"Op zoek naar een goedkope camping in de Ard\u00e8che? Bekijk de prijslijst van onze stacaravans en staanplaatsen in de Ard\u00e8che","breadcrumb":{"@id":"https:\/\/www.camping-mazet-plage.com\/nl\/goedkoop-kamperen-in-de-ardeche\/#breadcrumb"},"inLanguage":"nl-NL","potentialAction":[{"@type":"ReadAction","target":["https:\/\/www.camping-mazet-plage.com\/nl\/goedkoop-kamperen-in-de-ardeche\/"]}]},{"@type":"BreadcrumbList","@id":"https:\/\/www.camping-mazet-plage.com\/nl\/goedkoop-kamperen-in-de-ardeche\/#breadcrumb","itemListElement":[{"@type":"ListItem","position":1,"name":"Camping Ard\u00e8che","item":"https:\/\/www.camping-mazet-plage.com\/nl\/"},{"@type":"ListItem","position":2,"name":"Camping Ardeche pas cher"}]},{"@type":"WebSite","@id":"https:\/\/www.camping-mazet-plage.com\/nl\/#website","url":"https:\/\/www.camping-mazet-plage.com\/nl\/","name":"Camping Mazet Plage","description":"","publisher":{"@id":"https:\/\/www.camping-mazet-plage.com\/nl\/#organization"},"potentialAction":[{"@type":"SearchAction","target":{"@type":"EntryPoint","urlTemplate":"https:\/\/www.camping-mazet-plage.com\/nl\/?s={search_term_string}"},"query-input":"required name=search_term_string"}],"inLanguage":"nl-NL"},{"@type":"Organization","@id":"https:\/\/www.camping-mazet-plage.com\/nl\/#organization","name":"Camping Mazet Plage","url":"https:\/\/www.camping-mazet-plage.com\/nl\/","logo":{"@type":"ImageObject","inLanguage":"nl-NL","@id":"https:\/\/www.camping-mazet-plage.com\/nl\/#\/schema\/logo\/image\/","url":"https:\/\/www.camping-mazet-plage.com\/wp-content\/uploads\/2022\/02\/logo-footer.jpg","contentUrl":"https:\/\/www.camping-mazet-plage.com\/wp-content\/uploads\/2022\/02\/logo-footer.jpg","width":352,"height":434,"caption":"Camping Mazet Plage"},"image":{"@id":"https:\/\/www.camping-mazet-plage.com\/nl\/#\/schema\/logo\/image\/"}}]}},"_links":{"self":[{"href":"https:\/\/www.camping-mazet-plage.com\/nl\/wp-json\/wp\/v2\/pages\/64137"}],"collection":[{"href":"https:\/\/www.camping-mazet-plage.com\/nl\/wp-json\/wp\/v2\/pages"}],"about":[{"href":"https:\/\/www.camping-mazet-plage.com\/nl\/wp-json\/wp\/v2\/types\/page"}],"author":[{"embeddable":true,"href":"https:\/\/www.camping-mazet-plage.com\/nl\/wp-json\/wp\/v2\/users\/1"}],"replies":[{"embeddable":true,"href":"https:\/\/www.camping-mazet-plage.com\/nl\/wp-json\/wp\/v2\/comments?post=64137"}],"version-history":[{"count":1,"href":"https:\/\/www.camping-mazet-plage.com\/nl\/wp-json\/wp\/v2\/pages\/64137\/revisions"}],"predecessor-version":[{"id":64149,"href":"https:\/\/www.camping-mazet-plage.com\/nl\/wp-json\/wp\/v2\/pages\/64137\/revisions\/64149"}],"wp:featuredmedia":[{"embeddable":true,"href":"https:\/\/www.camping-mazet-plage.com\/nl\/wp-json\/wp\/v2\/media\/64148"}],"wp:attachment":[{"href":"https:\/\/www.camping-mazet-plage.com\/nl\/wp-json\/wp\/v2\/media?parent=64137"}],"wp:term":[{"taxonomy":"sujet","embeddable":true,"href":"https:\/\/www.camping-mazet-plage.com\/nl\/wp-json\/wp\/v2\/sujet?post=64137"}],"curies":[{"name":"wp","href":"https:\/\/api.w.org\/{rel}","templated":true}]}}