{"id":64023,"date":"2021-12-17T07:55:45","date_gmt":"2021-12-17T06:55:45","guid":{"rendered":"https:\/\/www.camping-mazet-plage.com\/locatie-stacaravan-ardeche\/"},"modified":"2025-11-24T10:22:16","modified_gmt":"2025-11-24T09:22:16","slug":"locatie-stacaravan-ardeche","status":"publish","type":"page","link":"https:\/\/www.camping-mazet-plage.com\/nl\/locatie-stacaravan-ardeche\/","title":{"rendered":"Stacaravan"},"content":{"rendered":"<section id=\"ls-section-block_376669039849b4fee507aa350856f1e4\" class=\"ls-section  has-p-b p-b-0\" >\r\n        <div class=\"container \">\r\n        \n\n<h1 class=\"ls__heading wp-block-heading has-text-align-center deco has-color-1-color has-text-color\">Verhuur van stacaravans in Ard\u00e8che<\/h1>\n\n\n\n<p class=\"ls-paragraph m-t-10\"><meta charset=\"utf-8\"\/>Om te voldoen aan de wensen van de klanten van onze <a href=\"\/\">camping in Ard\u00e8che 4 sterren<\/a>, stellen wij een ruime keuze aan de nieuwste generatie stacaravans ter beschikking, zeer comfortabel en goed uitgerust. Door te kiezen voor een een <strong> <span class=\"tadv-color\" style=\"color:#f56038\">huur stacaravan Ard\u00e8che<\/span> <\/strong> met de camping Mazet-Plage, profiteert u van een groot overdekt terras met tuinmeubilair (stoelen en tafel) voor uw kinderen en uw huisdieren en uw tent of caravan of uw auto of uw &lt; a17&gt; tuinmeubilair (stoelen en tafel) om volledig te genieten van het buitenleven. U kunt ook parkeren uw voertuig op uw <span class=\"tadv-color\" style=\"color:#000\">plaats gereserveerd<\/span>. <\/p>\n\n\r\n    <\/div>\r\n<\/section><section id=\"ls-section-block_77b5c98bfc7d36d2b53e0534f5806b57\" class=\"ls-section  has-m-t m-t-0 has-m-b m-b-0 has-p-t p-t-0 has-p-b p-b-0\" >\r\n        <div class=\"container container--wide\">\r\n        \n\n<div id=\"ls-hebergements-block_4d6c2d8021a374bcd5225cdfb0081c58\" class=\"ls-hebergements\" >\n    \n    <div class=\"ls-customizer\">\n\n    <div class=\"ls-customizer__filters\">\n        <div class=\"ls-customizer__filters__close\">\n            <i class=\"fas fa-times\"><\/i>\n        <\/div>\n\n        <div class=\"ls-customizer__filters__title\">\n            <b>Filters<\/b>\n            <span class=\"ls-customizer__filters__clear\"><i class=\"fas fa-times\"><\/i> Filters wissen<\/span>\n        <\/div>\n        <div class=\"ls-customizer__filters__wrap\">\n                        \n            <!-- Filtres ACF fields -->\n            \n                                            <!-- Filtre nombre_de_personnes -->\n                                <div class=\"filter\" id=\"filter-nombre_de_personnes\">\n                    <div class=\"filter__title\">Capacit\u00e9 maximale<i class=\"fas fa-angle-down\"><\/i><\/div>\n                    <fieldset data-filter=\"nombre_de_personnes\" data-operator=\"<=\" class=\"input\">\n\n                        <div><input type=\"radio\" name=\"nombre_de_personnes\" id=\"nombre_de_personnes-all\"  class=\"checkbox\" \/><label for='nombre_de_personnes-all'>Tous<\/label><\/div><div><input type=\"radio\" name=\"nombre_de_personnes\" id=\"nombre_de_personnes-2\" value=\"2\" class=\"checkbox\"  \/><label for='nombre_de_personnes-2'>Jusqu&#8217;\u00e0 2 pers.<\/label><\/div><div><input type=\"radio\" name=\"nombre_de_personnes\" id=\"nombre_de_personnes-4\" value=\"4\" class=\"checkbox\"  \/><label for='nombre_de_personnes-4'>Jusqu&#8217;\u00e0 4 pers.<\/label><\/div><div><input type=\"radio\" name=\"nombre_de_personnes\" id=\"nombre_de_personnes-6\" value=\"6\" class=\"checkbox\"  \/><label for='nombre_de_personnes-6'>Jusqu&#8217;\u00e0 6 pers.<\/label><\/div>                    <\/fieldset>\n                <\/div>\n                                            <!-- Filtre nombre_de_chambres -->\n                                <div class=\"filter\" id=\"filter-nombre_de_chambres\">\n                    <div class=\"filter__title\">Aantal kamers<i class=\"fas fa-angle-down\"><\/i><\/div>\n                    <fieldset data-filter=\"nombre_de_chambres\" data-operator=\"==\" class=\"input\">\n\n                        <div><input type=\"radio\" name=\"nombre_de_chambres\" id=\"nombre_de_chambres-all\"  class=\"checkbox\" \/><label for='nombre_de_chambres-all'>Tous<\/label><\/div><div><input type=\"radio\" name=\"nombre_de_chambres\" id=\"nombre_de_chambres-1\" value=\"1\" class=\"checkbox\"  \/><label for='nombre_de_chambres-1'>1<\/label><\/div><div><input type=\"radio\" name=\"nombre_de_chambres\" id=\"nombre_de_chambres-2\" value=\"2\" class=\"checkbox\"  \/><label for='nombre_de_chambres-2'>2<\/label><\/div><div><input type=\"radio\" name=\"nombre_de_chambres\" id=\"nombre_de_chambres-3\" value=\"3\" class=\"checkbox\"  \/><label for='nombre_de_chambres-3'>3<\/label><\/div>                    <\/fieldset>\n                <\/div>\n                                            <!-- Filtre options-hebergements -->\n                                <div class=\"filter\" id=\"filter-options-hebergements\">\n                    <div class=\"filter__title\">Options<i class=\"fas fa-angle-down\"><\/i><\/div>\n                    <fieldset data-filter=\"options-hebergements\" data-operator=\"*=\" class=\"input\">\n\n                        <div><input type=\"checkbox\" name=\"options-hebergements\" id=\"options-hebergements-all\"  class=\"checkbox\" \/><label for='options-hebergements-all'>Tous<\/label><\/div><div><input type=\"checkbox\" name=\"options-hebergements\" id=\"options-hebergements-climatisation\" value=\"climatisation\" class=\"checkbox\"  \/><label for='options-hebergements-climatisation'>Climatisation<\/label><\/div><div><input type=\"checkbox\" name=\"options-hebergements\" id=\"options-hebergements-lave-vaisselle\" value=\"lave-vaisselle\" class=\"checkbox\"  \/><label for='options-hebergements-lave-vaisselle'>LAVE-VAISSELLE<\/label><\/div><div><input type=\"checkbox\" name=\"options-hebergements\" id=\"options-hebergements-television\" value=\"television\" class=\"checkbox\"  \/><label for='options-hebergements-television'>T\u00c9L\u00c9VISION<\/label><\/div><div><input type=\"checkbox\" name=\"options-hebergements\" id=\"options-hebergements-television\" value=\"television\" class=\"checkbox\"  \/><label for='options-hebergements-television'>T\u00e9l\u00e9vision<\/label><\/div>                    <\/fieldset>\n                <\/div>\n            \n            <div id=\"validate-filters\" class=\"ls-button\">Valider la s\u00e9lection<\/div>\n\n                    <\/div>\n    <\/div>\n\n<\/div><div class=\"ls-hebergements__results\" data-row=\"4\" data-campings=\"false\" data-types=\"[5]\"><div class=\"ls-hebergement\" data-postid='64559' data-id-reservation='24' data-id-site='' data-id1='' data-nombre_de_personnes='2' data-nombre_de_chambres='1' data-type='locatifs'>\n\t<div class=\"ls-hebergement__thumb\">\n\t\t\t\t<img decoding=\"async\" src=\"https:\/\/www.camping-mazet-plage.com\/wp-content\/uploads\/2025\/11\/BORA-PANO.webp\" alt=\"Stacaravan Bora Luxe 1CH 2 Personen\" \/>\n\t<\/div>\n\t<div class=\"ls-hebergement__title\">\n\t\tStacaravan Bora Luxe 1CH 2 Personen\t\t\n\t<\/div>\n\n\t<div class=\"ls-hebergement__details\">\n\n\t\t<div class=\"ls-hebergement__icons\">\n\n\t\t\t\t\t\t\t<span class=\"ls-hebergement__icon\">\n\t\t\t\t\t<i class=\"fas fa-users\"><\/i>\n\t\t\t\t\t2\t\t\t\t<\/span>\n\t\t\t\n\t\t\t\n\t\t\t\n\t\t<\/div>\n\n\n\t\t<div class=\"ls-hebergement__infos\">\n\t\t\t\t\t\t\t\t\t\t<span class=\"ls-hebergement__detail\">\n\t\t\t\t\t\t\t\t\t\t, 1 chambre\t\t\t\t\n\t\t\t\t\t\t\t\t\t<\/span>\n\t\t\t\t\t<\/div>\n\t<\/div>\n\n\t<!-- <div class=\"ls-hebergement__disponibilites\">D\u00e9couvrir<\/div> -->\n<\/div><div class=\"ls-hebergement\" data-postid='64442' data-id-reservation='12' data-id-site='' data-id1='' data-nombre_de_personnes='4' data-nombre_de_chambres='2' data-type='locatifs' data-options-hebergements='climatisation television-2'>\n\t<div class=\"ls-hebergement__thumb\">\n\t\t\t\t<img decoding=\"async\" src=\"https:\/\/www.camping-mazet-plage.com\/wp-content\/uploads\/2023\/02\/MobilhomLouisiane-Clim-Tele-6-places-2-chambres.webp\" alt=\"Stacaravan Louisiane 33 m\u00b2 Klimaat Televisie 4 plaatsen 2 Slaapkamers\" \/>\n\t<\/div>\n\t<div class=\"ls-hebergement__title\">\n\t\tStacaravan Louisiane 33 m\u00b2 Klimaat Televisie 4 plaatsen 2 Slaapkamers\t\t\n\t<\/div>\n\n\t<div class=\"ls-hebergement__details\">\n\n\t\t<div class=\"ls-hebergement__icons\">\n\n\t\t\t\t\t\t\t<span class=\"ls-hebergement__icon\">\n\t\t\t\t\t<i class=\"fas fa-users\"><\/i>\n\t\t\t\t\t4\t\t\t\t<\/span>\n\t\t\t\n\t\t\t\t\t\t\t<span class=\"ls-hebergement__icon\">\n\t\t\t\t\t<i class=\"fas fa-shower\"><\/i>\n\t\t\t\t\t\t\t\t\t\t\t1\t\t\t\t\t\t\t\t\t<\/span>\n\t\t\t\n\t\t\t<div class=\"ls-hebergement__subicons\"><span class=\"ls-hebergement__icon\"><\/span><\/div>\n\t\t<\/div>\n\n\n\t\t<div class=\"ls-hebergement__infos\">\n\t\t\t\t\t\t\t<span class=\"ls-hebergement__detail\">\n\t\t\t\t\t33m\u00b2\n\t\t\t\t<\/span>\n\t\t\t\t\t\t\t\t\t\t<span class=\"ls-hebergement__detail\">\n\t\t\t\t\t\t\t\t\t\t, 2 kamers\t\t\t\t\t\t\t\t\t<\/span>\n\t\t\t\t\t<\/div>\n\t<\/div>\n\n\t<!-- <div class=\"ls-hebergement__disponibilites\">D\u00e9couvrir<\/div> -->\n<\/div><div class=\"ls-hebergement\" data-postid='64421' data-id-reservation='20' data-id-site='' data-id1='' data-nombre_de_personnes='6' data-nombre_de_chambres='3' data-type='locatifs' data-options-hebergements='climatisation lave-vaisselle television-2'>\n\t<div class=\"ls-hebergement__thumb\">\n\t\t\t\t<img decoding=\"async\" src=\"https:\/\/www.camping-mazet-plage.com\/wp-content\/uploads\/2023\/02\/photo-louisiane-luxe-avec-vue.webp\" alt=\"Stacaravan Louisiane Luxe 36m\u00b2 3 kamers met uitzicht\" \/>\n\t<\/div>\n\t<div class=\"ls-hebergement__title\">\n\t\tStacaravan Louisiane Luxe 36m\u00b2 3 kamers met uitzicht\t\t\n\t<\/div>\n\n\t<div class=\"ls-hebergement__details\">\n\n\t\t<div class=\"ls-hebergement__icons\">\n\n\t\t\t\t\t\t\t<span class=\"ls-hebergement__icon\">\n\t\t\t\t\t<i class=\"fas fa-users\"><\/i>\n\t\t\t\t\t6\t\t\t\t<\/span>\n\t\t\t\n\t\t\t\t\t\t\t<span class=\"ls-hebergement__icon\">\n\t\t\t\t\t<i class=\"fas fa-shower\"><\/i>\n\t\t\t\t\t\t\t\t\t\t\t1\t\t\t\t\t\t\t\t\t<\/span>\n\t\t\t\n\t\t\t<div class=\"ls-hebergement__subicons\"><span class=\"ls-hebergement__icon\"><\/span><\/div>\n\t\t<\/div>\n\n\n\t\t<div class=\"ls-hebergement__infos\">\n\t\t\t\t\t\t\t<span class=\"ls-hebergement__detail\">\n\t\t\t\t\t36m\u00b2\n\t\t\t\t<\/span>\n\t\t\t\t\t\t\t\t\t\t<span class=\"ls-hebergement__detail\">\n\t\t\t\t\t\t\t\t\t\t, 3 kamers\t\t\t\t\t\t\t\t\t<\/span>\n\t\t\t\t\t<\/div>\n\t<\/div>\n\n\t<!-- <div class=\"ls-hebergement__disponibilites\">D\u00e9couvrir<\/div> -->\n<\/div><div class=\"ls-hebergement\" data-postid='64427' data-id-reservation='26' data-id-site='' data-id1='' data-nombre_de_personnes='6' data-nombre_de_chambres='3' data-type='locatifs' data-options-hebergements='climatisation lave-vaisselle television'>\n\t<div class=\"ls-hebergement__thumb\">\n\t\t\t\t<img decoding=\"async\" src=\"https:\/\/www.camping-mazet-plage.com\/wp-content\/uploads\/2023\/02\/photo-louisiane-luxe-3-chambres.webp\" alt=\"Stacaravan Louisiane Luxe 3 CH 36m\u00b2 &#8211; 3 kamers\" \/>\n\t<\/div>\n\t<div class=\"ls-hebergement__title\">\n\t\tStacaravan Louisiane Luxe 3 CH 36m\u00b2 &#8211; 3 kamers\t\t\n\t<\/div>\n\n\t<div class=\"ls-hebergement__details\">\n\n\t\t<div class=\"ls-hebergement__icons\">\n\n\t\t\t\t\t\t\t<span class=\"ls-hebergement__icon\">\n\t\t\t\t\t<i class=\"fas fa-users\"><\/i>\n\t\t\t\t\t6\t\t\t\t<\/span>\n\t\t\t\n\t\t\t\t\t\t\t<span class=\"ls-hebergement__icon\">\n\t\t\t\t\t<i class=\"fas fa-shower\"><\/i>\n\t\t\t\t\t\t\t\t\t\t\t1\t\t\t\t\t\t\t\t\t<\/span>\n\t\t\t\n\t\t\t<div class=\"ls-hebergement__subicons\"><span class=\"ls-hebergement__icon\"><\/span><span class=\"ls-hebergement__icon\"><\/span><\/div>\n\t\t<\/div>\n\n\n\t\t<div class=\"ls-hebergement__infos\">\n\t\t\t\t\t\t\t<span class=\"ls-hebergement__detail\">\n\t\t\t\t\t36m\u00b2\n\t\t\t\t<\/span>\n\t\t\t\t\t\t\t\t\t\t<span class=\"ls-hebergement__detail\">\n\t\t\t\t\t\t\t\t\t\t, 3 kamers\t\t\t\t\t\t\t\t\t<\/span>\n\t\t\t\t\t<\/div>\n\t<\/div>\n\n\t<!-- <div class=\"ls-hebergement__disponibilites\">D\u00e9couvrir<\/div> -->\n<\/div><div class=\"ls-hebergement\" data-postid='64438' data-id-reservation='30' data-id-site='' data-id1='' data-nombre_de_personnes='4' data-nombre_de_chambres='2' data-type='locatifs'>\n\t<div class=\"ls-hebergement__thumb\">\n\t\t\t\t<img decoding=\"async\" src=\"https:\/\/www.camping-mazet-plage.com\/wp-content\/uploads\/2023\/02\/location-mobil-home-4-places-ardeche.jpg\" alt=\"Stacaravan Club 2 CH 4 Personen 28m\u00b2\" \/>\n\t<\/div>\n\t<div class=\"ls-hebergement__title\">\n\t\tStacaravan Club 2 CH 4 Personen 28m\u00b2\t\t\n\t<\/div>\n\n\t<div class=\"ls-hebergement__details\">\n\n\t\t<div class=\"ls-hebergement__icons\">\n\n\t\t\t\t\t\t\t<span class=\"ls-hebergement__icon\">\n\t\t\t\t\t<i class=\"fas fa-users\"><\/i>\n\t\t\t\t\t4\t\t\t\t<\/span>\n\t\t\t\n\t\t\t\n\t\t\t\n\t\t<\/div>\n\n\n\t\t<div class=\"ls-hebergement__infos\">\n\t\t\t\t\t\t\t<span class=\"ls-hebergement__detail\">\n\t\t\t\t\t25m\u00b2\n\t\t\t\t<\/span>\n\t\t\t\t\t\t\t\t\t\t<span class=\"ls-hebergement__detail\">\n\t\t\t\t\t\t\t\t\t\t, 2 kamers\t\t\t\t\t\t\t\t\t<\/span>\n\t\t\t\t\t<\/div>\n\t<\/div>\n\n\t<!-- <div class=\"ls-hebergement__disponibilites\">D\u00e9couvrir<\/div> -->\n<\/div><div class=\"ls-hebergement\" data-postid='64436' data-id-reservation='4' data-id-site='mazet07' data-id1='' data-nombre_de_personnes='6' data-nombre_de_chambres='2' data-type='locatifs' data-options-hebergements='climatisation'>\n\t<div class=\"ls-hebergement__thumb\">\n\t\t\t\t<img decoding=\"async\" src=\"https:\/\/www.camping-mazet-plage.com\/wp-content\/uploads\/2022\/02\/location-mobil-home-ardeche.jpg\" alt=\"MOBIL HOME Club 6 zitplaatsen\" \/>\n\t<\/div>\n\t<div class=\"ls-hebergement__title\">\n\t\tMOBIL HOME Club 6 zitplaatsen\t\t\n\t<\/div>\n\n\t<div class=\"ls-hebergement__details\">\n\n\t\t<div class=\"ls-hebergement__icons\">\n\n\t\t\t\t\t\t\t<span class=\"ls-hebergement__icon\">\n\t\t\t\t\t<i class=\"fas fa-users\"><\/i>\n\t\t\t\t\t6\t\t\t\t<\/span>\n\t\t\t\n\t\t\t\t\t\t\t<span class=\"ls-hebergement__icon\">\n\t\t\t\t\t<i class=\"fas fa-shower\"><\/i>\n\t\t\t\t\t\t\t\t\t\t\t1\t\t\t\t\t\t\t\t\t<\/span>\n\t\t\t\n\t\t\t<div class=\"ls-hebergement__subicons\"><span class=\"ls-hebergement__icon\"><\/span><\/div>\n\t\t<\/div>\n\n\n\t\t<div class=\"ls-hebergement__infos\">\n\t\t\t\t\t\t\t<span class=\"ls-hebergement__detail\">\n\t\t\t\t\t28m\u00b2\n\t\t\t\t<\/span>\n\t\t\t\t\t\t\t\t\t\t<span class=\"ls-hebergement__detail\">\n\t\t\t\t\t\t\t\t\t\t, 2 kamers\t\t\t\t\t\t\t\t\t<\/span>\n\t\t\t\t\t<\/div>\n\t<\/div>\n\n\t<!-- <div class=\"ls-hebergement__disponibilites\">D\u00e9couvrir<\/div> -->\n<\/div><\/div><\/div>\n\r\n    <\/div>\r\n<\/section><section id=\"ls-section-block_b9770e27b636bc27373c17741fb5bdc3\" class=\"ls-section \" >\r\n        <div class=\"container \">\r\n        \n\n<h2 class=\"ls__heading wp-block-heading ls__heading deco has-color-1-color has-text-color\">Comfortabele stacaravans in het zuiden van de Ard\u00e8che<\/h2>\n\n\n\n<p class=\"ls-paragraph\"><meta charset=\"utf-8\"\/>Ben je op zoek naar een comfortabele huuraccommodatie voor je volgende kampeervakantie? Camping Mazet plage biedt u een vakantie <span class=\"tadv-color\" style=\"color:#000\"> in een stacaravan ideaal om u te ontspannen! Elke stacaravan die te huur is, beschikt over minstens 1 slaapkamer en maximaal 3, een hoek met ingerichte keuken, een doucheruimte en een apart toilet. U <\/span>Er is ook een overdekt terras en tuinmeubilair (stoelen en tafel) zodat je optimaal kunt genieten van de zon in de Ard\u00e8che!<\/p>\n\n\n\n<p class=\"ls-paragraph\"><meta charset=\"utf-8\"\/>Een stacaravan met een overdekt houten terras betekent dat je &#8217;s ochtends vroeg kunt genieten van een koel ontbijt, &#8217;s middags in de schaduw kunt eten of optimaal kunt genieten van het buitenleven, zelfs als het regent.<\/p>\n\n\n\n<p class=\"ls-paragraph\"><meta charset=\"utf-8\"\/><span class=\"tadv-color\" style=\"color:#000\">U beschikt ook over een servies en een complete set keukengerei. De lakens en handdoeken zijn niet automatisch inbegrepen in de reservering (afhankelijk van de categorie van de reservering met of zonder het hotelpakket). U profiteert zo van een <\/span><span class=\"tadv-color\" style=\"color:#f56038\"><strong>stacaravan in de Ard\u00e8che <\/strong><\/span><span class=\"tadv-color\" style=\"color:#000\">volledig uitgerust en comfortabel voor een vakantie met het gezin, met z&#8217;n twee\u00ebn of met vrienden!<\/span><\/p>\n\n\r\n    <\/div>\r\n<\/section><section id=\"ls-section-block_17d969edf0d1365d39a475d8fdcce564\" class=\"ls-section  modeleSection\" >\r\n        <div class=\"container container--full\">\r\n        \n\n<figure class=\"wp-block-image size-full imageModeleSection is-style-rounded\"><img decoding=\"async\" width=\"1900\" height=\"774\" src=\"https:\/\/www.camping-mazet-plage.com\/wp-content\/uploads\/2022\/02\/location-mobil-home-ardeche-1.jpg\" alt=\"verhuur stacaravan ardeche\" class=\"wp-image-58585\" srcset=\"https:\/\/www.camping-mazet-plage.com\/wp-content\/uploads\/2022\/02\/location-mobil-home-ardeche-1.jpg 1900w, https:\/\/www.camping-mazet-plage.com\/wp-content\/uploads\/2022\/02\/location-mobil-home-ardeche-1-300x122.jpg 300w, https:\/\/www.camping-mazet-plage.com\/wp-content\/uploads\/2022\/02\/location-mobil-home-ardeche-1-1024x417.jpg 1024w, https:\/\/www.camping-mazet-plage.com\/wp-content\/uploads\/2022\/02\/location-mobil-home-ardeche-1-768x313.jpg 768w, https:\/\/www.camping-mazet-plage.com\/wp-content\/uploads\/2022\/02\/location-mobil-home-ardeche-1-1536x626.jpg 1536w\" sizes=\"(max-width: 1900px) 100vw, 1900px\" \/><\/figure>\n\n\n\n<div class=\"wp-block-columns containerContenuModeleSection is-layout-flex wp-container-core-columns-is-layout-2 wp-block-columns-is-layout-flex\">\n<div class=\"wp-block-column contenuModeleSection is-layout-flow wp-block-column-is-layout-flow\" style=\"flex-basis:80%\">\n<h2 class=\"ls__heading wp-block-heading deco has-color-1-color has-text-color\">Stacaravans 4-sterren camping<\/h2>\n\n\n\n<div class=\"wp-block-columns is-layout-flex wp-container-core-columns-is-layout-1 wp-block-columns-is-layout-flex\">\n<div class=\"wp-block-column is-layout-flow wp-block-column-is-layout-flow\">\n<p class=\"ls-paragraph\">  Een accommodatie die garant staat voor een aangenaam verblijf in een stacaravan in het zuiden van de Ard\u00e8che! Houd er rekening mee dat u <span class=\"has-inline-color has-color-2-color\">uw voertuig  ook kunt parkeren op uw eigen <\/span><strong><span style=\"color:#f56038\" class=\"tadv-color\">gereserveerde ruimte naast de stacaravan<\/span><\/strong>. Voor puristen die liever kamperen in een <span class=\"has-inline-color has-color-2-color\">natuurlijke omgeving in de open lucht<\/span> dan in een van onze stacaravans, zijn er <a href=\"https:\/\/www.camping-mazet-plage.com\/nl\/campingplaats-ardeche\/\">in onze accommodatie ook kampeerplaatsen in de Ard\u00e8che<\/a> beschikbaar voor tenten, caravans en campers!  <\/p>\n\n\n\n<p class=\"ls-paragraph\">Onze camping is ideaal als je met vrienden huurt, maar ook voor vakantiegangers met kinderen die met het hele gezin willen blijven!<\/p>\n<\/div>\n\n\n\n<div class=\"wp-block-column is-layout-flow wp-block-column-is-layout-flow\">\n<p class=\"ls-paragraph\">Reserveer nu uw stacaravan op familiecamping Mazet Plage voor een heerlijke vakantie in de Ard\u00e8che, een van de populairste toeristische bestemmingen! A <g id=\"gid_0\"><g id=\"gid_1\">onvergetelijke vakantie<\/g><\/g> als je een van onze bungalows huurt, want je hebt direct toegang tot de rivier en de vele wateractiviteiten midden in de natuur, maar ook tot ons waterpark met openluchtzwembad! Tot snel voor een <a href=\"https:\/\/www.camping-mazet-plage.com\/nl\/camping-ardeche-zwembad\/\">kampeervakantie met zwembad in het departement Ard\u00e8che<\/a> op Le Mazet Plage, een van de mooiste 4-sterrencampings in de regio, ideaal gelegen in de buurt van Vallon Pont d&#8217;Arc en de Gorges de l&#8217;Ard\u00e8che m\u00e9ridionale.  <\/p>\n\n\n\r\n<a href=\"\/camping-pas-cher-ardeche\/\" id=\"ls-button-block_c0ee3faa038e06eee540f4f0110dd4a1\" target=\"\" rel=\"\" class=\"ls-button\" ><span><span class=\"deco-button\">+<\/span>Ontdek onze tarieven<\/span><\/a>\r\n<\/div>\n<\/div>\n<\/div>\n<\/div>\n\n\r\n    <\/div>\r\n<\/section><section id=\"ls-section-block_d8a55330fc68758c002ed8f935349ce8\" class=\"ls-section \" >\r\n        <div class=\"container container--wide\">\r\n        \n\n<p class=\"ls-paragraph has-text-align-center has-color-1-color has-text-color\" style=\"font-size:30px\"><span style=\"color:#12492f\" class=\"tadv-color\"><strong> <span class=\"has-inline-color has-color-1-color\"><strong>Ontdek andere accommodatiemogelijkheden en prijzen op onze camping<\/strong><\/span><\/strong><\/span><\/p>\n\n\n\n<div id=\"ls-maillage-block_fa652aaa60c03faca82ece5b16767cc5\" class=\"ls-maillage cta-style-normal\" data-rows=\"3\">\n\n    <div class=\"wp-block-columns\"><div class=\"wp-block-column ls-cta\">\n\n<a href=\"https:\/\/www.camping-mazet-plage.com\/nl\/campingplaats-ardeche\/\" target=\"\" rel=\"noopener\" class=\"ls-cta__link\">\n\n\t<div class=\"ls-cta__image\"><img decoding=\"async\" src=\"https:\/\/www.camping-mazet-plage.com\/wp-content\/uploads\/2022\/01\/louer-emplacement-ardeche.jpg\" alt=\"verhuurlocatie ardeche\"><\/div>\n\t<div class=\"ls-cta__title\">\n\t\tLocatie\t<\/div>\n\n\t\t\n<\/a><\/div><div class=\"wp-block-column ls-cta\">\n\n<a href=\"https:\/\/www.camping-mazet-plage.com\/nl\/diensten\/\" target=\"\" rel=\"noopener\" class=\"ls-cta__link\">\n\n\t<div class=\"ls-cta__image\"><img decoding=\"async\" src=\"https:\/\/www.camping-mazet-plage.com\/wp-content\/uploads\/2022\/01\/restaurant-ardeche.jpg\" alt=\"restaurant ardeche\"><\/div>\n\t<div class=\"ls-cta__title\">\n\t\tDiensten\t<\/div>\n\n\t\t\n<\/a><\/div><div class=\"wp-block-column ls-cta\">\n\n<a href=\"https:\/\/www.camping-mazet-plage.com\/nl\/goedkoop-kamperen-in-de-ardeche\/\" target=\"\" rel=\"noopener\" class=\"ls-cta__link\">\n\n\t<div class=\"ls-cta__image\"><img decoding=\"async\" src=\"https:\/\/www.camping-mazet-plage.com\/wp-content\/uploads\/2022\/04\/camping-pas-cher.jpg\" alt=\"goedkoop kamperen\"><\/div>\n\t<div class=\"ls-cta__title\">\n\t\tTarieven\t<\/div>\n\n\t\t\n<\/a><\/div><\/div>\n<\/div>\n\r\n    <\/div>\r\n<\/section>\n<p class=\"ls-paragraph\"><\/p>\n","protected":false},"excerpt":{"rendered":"","protected":false},"author":1,"featured_media":65117,"parent":0,"menu_order":0,"comment_status":"closed","ping_status":"closed","template":"","meta":{"footnotes":""},"sujet":[],"class_list":["post-64023","page","type-page","status-publish","has-post-thumbnail","hentry"],"acf":[],"yoast_head":"<!-- This site is optimized with the Yoast SEO plugin v21.9 - https:\/\/yoast.com\/wordpress\/plugins\/seo\/ -->\n<title>Verhuur van stacaravans in de Ard\u00e8che | Stacaravans voor 6 personen in de Ard\u00e8che<\/title>\n<meta name=\"description\" content=\"Op zoek naar een huuraccommodatie in een stacaravan in de Ard\u00e8che? Ontdek onze stacaravans te huur in de Zuid-Ard\u00e8che aan de oever van de rivier!\" \/>\n<meta name=\"robots\" content=\"index, follow, max-snippet:-1, max-image-preview:large, max-video-preview:-1\" \/>\n<link rel=\"canonical\" href=\"https:\/\/www.camping-mazet-plage.com\/nl\/locatie-stacaravan-ardeche\/\" \/>\n<meta property=\"og:locale\" content=\"nl_NL\" \/>\n<meta property=\"og:type\" content=\"article\" \/>\n<meta property=\"og:title\" content=\"Verhuur van stacaravans in de Ard\u00e8che | Stacaravans voor 6 personen in de Ard\u00e8che\" \/>\n<meta property=\"og:description\" content=\"Op zoek naar een huuraccommodatie in een stacaravan in de Ard\u00e8che? Ontdek onze stacaravans te huur in de Zuid-Ard\u00e8che aan de oever van de rivier!\" \/>\n<meta property=\"og:url\" content=\"https:\/\/www.camping-mazet-plage.com\/nl\/locatie-stacaravan-ardeche\/\" \/>\n<meta property=\"og:site_name\" content=\"Camping Mazet Plage\" \/>\n<meta property=\"article:modified_time\" content=\"2025-11-24T09:22:16+00:00\" \/>\n<meta property=\"og:image\" content=\"https:\/\/www.camping-mazet-plage.com\/wp-content\/uploads\/2022\/01\/entete-mobil-home.jpg\" \/>\n\t<meta property=\"og:image:width\" content=\"1900\" \/>\n\t<meta property=\"og:image:height\" content=\"600\" \/>\n\t<meta property=\"og:image:type\" content=\"image\/jpeg\" \/>\n<meta name=\"twitter:card\" content=\"summary_large_image\" \/>\n<meta name=\"twitter:label1\" content=\"Geschatte leestijd\" \/>\n\t<meta name=\"twitter:data1\" content=\"2 minuten\" \/>\n<script type=\"application\/ld+json\" class=\"yoast-schema-graph\">{\"@context\":\"https:\/\/schema.org\",\"@graph\":[{\"@type\":\"WebPage\",\"@id\":\"https:\/\/www.camping-mazet-plage.com\/nl\/locatie-stacaravan-ardeche\/\",\"url\":\"https:\/\/www.camping-mazet-plage.com\/nl\/locatie-stacaravan-ardeche\/\",\"name\":\"Verhuur van stacaravans in de Ard\u00e8che | Stacaravans voor 6 personen in de Ard\u00e8che\",\"isPartOf\":{\"@id\":\"https:\/\/www.camping-mazet-plage.com\/nl\/#website\"},\"datePublished\":\"2021-12-17T06:55:45+00:00\",\"dateModified\":\"2025-11-24T09:22:16+00:00\",\"description\":\"Op zoek naar een huuraccommodatie in een stacaravan in de Ard\u00e8che? Ontdek onze stacaravans te huur in de Zuid-Ard\u00e8che aan de oever van de rivier!\",\"breadcrumb\":{\"@id\":\"https:\/\/www.camping-mazet-plage.com\/nl\/locatie-stacaravan-ardeche\/#breadcrumb\"},\"inLanguage\":\"nl-NL\",\"potentialAction\":[{\"@type\":\"ReadAction\",\"target\":[\"https:\/\/www.camping-mazet-plage.com\/nl\/locatie-stacaravan-ardeche\/\"]}]},{\"@type\":\"BreadcrumbList\",\"@id\":\"https:\/\/www.camping-mazet-plage.com\/nl\/locatie-stacaravan-ardeche\/#breadcrumb\",\"itemListElement\":[{\"@type\":\"ListItem\",\"position\":1,\"name\":\"Camping Ard\u00e8che\",\"item\":\"https:\/\/www.camping-mazet-plage.com\/nl\/\"},{\"@type\":\"ListItem\",\"position\":2,\"name\":\"Stacaravan verhuur Ard\u00e8che\"}]},{\"@type\":\"WebSite\",\"@id\":\"https:\/\/www.camping-mazet-plage.com\/nl\/#website\",\"url\":\"https:\/\/www.camping-mazet-plage.com\/nl\/\",\"name\":\"Camping Mazet Plage\",\"description\":\"\",\"publisher\":{\"@id\":\"https:\/\/www.camping-mazet-plage.com\/nl\/#organization\"},\"potentialAction\":[{\"@type\":\"SearchAction\",\"target\":{\"@type\":\"EntryPoint\",\"urlTemplate\":\"https:\/\/www.camping-mazet-plage.com\/nl\/?s={search_term_string}\"},\"query-input\":\"required name=search_term_string\"}],\"inLanguage\":\"nl-NL\"},{\"@type\":\"Organization\",\"@id\":\"https:\/\/www.camping-mazet-plage.com\/nl\/#organization\",\"name\":\"Camping Mazet Plage\",\"url\":\"https:\/\/www.camping-mazet-plage.com\/nl\/\",\"logo\":{\"@type\":\"ImageObject\",\"inLanguage\":\"nl-NL\",\"@id\":\"https:\/\/www.camping-mazet-plage.com\/nl\/#\/schema\/logo\/image\/\",\"url\":\"https:\/\/www.camping-mazet-plage.com\/wp-content\/uploads\/2022\/02\/logo-footer.jpg\",\"contentUrl\":\"https:\/\/www.camping-mazet-plage.com\/wp-content\/uploads\/2022\/02\/logo-footer.jpg\",\"width\":352,\"height\":434,\"caption\":\"Camping Mazet Plage\"},\"image\":{\"@id\":\"https:\/\/www.camping-mazet-plage.com\/nl\/#\/schema\/logo\/image\/\"}}]}<\/script>\n<!-- \/ Yoast SEO plugin. -->","yoast_head_json":{"title":"Verhuur van stacaravans in de Ard\u00e8che | Stacaravans voor 6 personen in de Ard\u00e8che","description":"Op zoek naar een huuraccommodatie in een stacaravan in de Ard\u00e8che? Ontdek onze stacaravans te huur in de Zuid-Ard\u00e8che aan de oever van de rivier!","robots":{"index":"index","follow":"follow","max-snippet":"max-snippet:-1","max-image-preview":"max-image-preview:large","max-video-preview":"max-video-preview:-1"},"canonical":"https:\/\/www.camping-mazet-plage.com\/nl\/locatie-stacaravan-ardeche\/","og_locale":"nl_NL","og_type":"article","og_title":"Verhuur van stacaravans in de Ard\u00e8che | Stacaravans voor 6 personen in de Ard\u00e8che","og_description":"Op zoek naar een huuraccommodatie in een stacaravan in de Ard\u00e8che? Ontdek onze stacaravans te huur in de Zuid-Ard\u00e8che aan de oever van de rivier!","og_url":"https:\/\/www.camping-mazet-plage.com\/nl\/locatie-stacaravan-ardeche\/","og_site_name":"Camping Mazet Plage","article_modified_time":"2025-11-24T09:22:16+00:00","og_image":[{"width":1900,"height":600,"url":"https:\/\/www.camping-mazet-plage.com\/wp-content\/uploads\/2022\/01\/entete-mobil-home.jpg","type":"image\/jpeg"}],"twitter_card":"summary_large_image","twitter_misc":{"Geschatte leestijd":"2 minuten"},"schema":{"@context":"https:\/\/schema.org","@graph":[{"@type":"WebPage","@id":"https:\/\/www.camping-mazet-plage.com\/nl\/locatie-stacaravan-ardeche\/","url":"https:\/\/www.camping-mazet-plage.com\/nl\/locatie-stacaravan-ardeche\/","name":"Verhuur van stacaravans in de Ard\u00e8che | Stacaravans voor 6 personen in de Ard\u00e8che","isPartOf":{"@id":"https:\/\/www.camping-mazet-plage.com\/nl\/#website"},"datePublished":"2021-12-17T06:55:45+00:00","dateModified":"2025-11-24T09:22:16+00:00","description":"Op zoek naar een huuraccommodatie in een stacaravan in de Ard\u00e8che? Ontdek onze stacaravans te huur in de Zuid-Ard\u00e8che aan de oever van de rivier!","breadcrumb":{"@id":"https:\/\/www.camping-mazet-plage.com\/nl\/locatie-stacaravan-ardeche\/#breadcrumb"},"inLanguage":"nl-NL","potentialAction":[{"@type":"ReadAction","target":["https:\/\/www.camping-mazet-plage.com\/nl\/locatie-stacaravan-ardeche\/"]}]},{"@type":"BreadcrumbList","@id":"https:\/\/www.camping-mazet-plage.com\/nl\/locatie-stacaravan-ardeche\/#breadcrumb","itemListElement":[{"@type":"ListItem","position":1,"name":"Camping Ard\u00e8che","item":"https:\/\/www.camping-mazet-plage.com\/nl\/"},{"@type":"ListItem","position":2,"name":"Stacaravan verhuur Ard\u00e8che"}]},{"@type":"WebSite","@id":"https:\/\/www.camping-mazet-plage.com\/nl\/#website","url":"https:\/\/www.camping-mazet-plage.com\/nl\/","name":"Camping Mazet Plage","description":"","publisher":{"@id":"https:\/\/www.camping-mazet-plage.com\/nl\/#organization"},"potentialAction":[{"@type":"SearchAction","target":{"@type":"EntryPoint","urlTemplate":"https:\/\/www.camping-mazet-plage.com\/nl\/?s={search_term_string}"},"query-input":"required name=search_term_string"}],"inLanguage":"nl-NL"},{"@type":"Organization","@id":"https:\/\/www.camping-mazet-plage.com\/nl\/#organization","name":"Camping Mazet Plage","url":"https:\/\/www.camping-mazet-plage.com\/nl\/","logo":{"@type":"ImageObject","inLanguage":"nl-NL","@id":"https:\/\/www.camping-mazet-plage.com\/nl\/#\/schema\/logo\/image\/","url":"https:\/\/www.camping-mazet-plage.com\/wp-content\/uploads\/2022\/02\/logo-footer.jpg","contentUrl":"https:\/\/www.camping-mazet-plage.com\/wp-content\/uploads\/2022\/02\/logo-footer.jpg","width":352,"height":434,"caption":"Camping Mazet Plage"},"image":{"@id":"https:\/\/www.camping-mazet-plage.com\/nl\/#\/schema\/logo\/image\/"}}]}},"_links":{"self":[{"href":"https:\/\/www.camping-mazet-plage.com\/nl\/wp-json\/wp\/v2\/pages\/64023"}],"collection":[{"href":"https:\/\/www.camping-mazet-plage.com\/nl\/wp-json\/wp\/v2\/pages"}],"about":[{"href":"https:\/\/www.camping-mazet-plage.com\/nl\/wp-json\/wp\/v2\/types\/page"}],"author":[{"embeddable":true,"href":"https:\/\/www.camping-mazet-plage.com\/nl\/wp-json\/wp\/v2\/users\/1"}],"replies":[{"embeddable":true,"href":"https:\/\/www.camping-mazet-plage.com\/nl\/wp-json\/wp\/v2\/comments?post=64023"}],"version-history":[{"count":6,"href":"https:\/\/www.camping-mazet-plage.com\/nl\/wp-json\/wp\/v2\/pages\/64023\/revisions"}],"predecessor-version":[{"id":64571,"href":"https:\/\/www.camping-mazet-plage.com\/nl\/wp-json\/wp\/v2\/pages\/64023\/revisions\/64571"}],"wp:featuredmedia":[{"embeddable":true,"href":"https:\/\/www.camping-mazet-plage.com\/nl\/wp-json\/wp\/v2\/media\/65117"}],"wp:attachment":[{"href":"https:\/\/www.camping-mazet-plage.com\/nl\/wp-json\/wp\/v2\/media?parent=64023"}],"wp:term":[{"taxonomy":"sujet","embeddable":true,"href":"https:\/\/www.camping-mazet-plage.com\/nl\/wp-json\/wp\/v2\/sujet?post=64023"}],"curies":[{"name":"wp","href":"https:\/\/api.w.org\/{rel}","templated":true}]}}