{"id":64003,"date":"2021-12-17T07:55:35","date_gmt":"2021-12-17T06:55:35","guid":{"rendered":"https:\/\/www.camping-mazet-plage.com\/campingplaats-ardeche\/"},"modified":"2025-09-09T10:13:44","modified_gmt":"2025-09-09T08:13:44","slug":"campingplaats-ardeche","status":"publish","type":"page","link":"https:\/\/www.camping-mazet-plage.com\/nl\/campingplaats-ardeche\/","title":{"rendered":"Locaties"},"content":{"rendered":"<section id=\"ls-section-block_5201634c1a2bb8d71bd95db67c65fb87\" class=\"ls-section  p-b-0 has-p-b p-b-0\" >\r\n        <div class=\"container \">\r\n        \n\n<h1 class=\"ls__heading wp-block-heading has-text-align-center deco has-color-1-color has-text-color\">Kampeerplaatsen in Ard\u00e8che<\/h1>\n\n\n\n<p class=\"ls-paragraph m-t-10\"><meta charset=\"utf-8\"\/>Mazet-Plage is een <a href=\"\/\">4-sterrencamping in de zuidelijke Ard\u00e8che<\/a>, gelegen in de gemeente Berrias en Casteljau, direct aan de oever van de rivier de Chassezac. In een droomomgeving heeft onze <a href=\"https:\/\/www.camping-mazet-plage.com\/nl\/goedkoop-kamperen-in-de-ardeche\/\">goedkope camping in de Ard\u00e8che<\/a> met zwembad ook zijn eigen priv\u00e9strand, waar je heerlijk kunt ontspannen, zonnebaden en volop kunt genieten van het zwemplezier.   <\/p>\n\n\r\n    <\/div>\r\n<\/section><section id=\"ls-section-block_c80ca22b060a9f7b743a4f5d26e379bb\" class=\"ls-section  has-m-t m-t-0 has-m-b m-b-0 has-p-t p-t-0 has-p-b p-b-0\" >\r\n        <div class=\"container container--wide\">\r\n        \n\n<div id=\"ls-hebergements-block_72b626c79388ef8d15720f67799f9176\" class=\"ls-hebergements\" >\n    \n    <div class=\"ls-customizer\">\n\n    <div class=\"ls-customizer__filters\">\n        <div class=\"ls-customizer__filters__close\">\n            <i class=\"fas fa-times\"><\/i>\n        <\/div>\n\n        <div class=\"ls-customizer__filters__title\">\n            <b>Filters<\/b>\n            <span class=\"ls-customizer__filters__clear\"><i class=\"fas fa-times\"><\/i> Filters wissen<\/span>\n        <\/div>\n        <div class=\"ls-customizer__filters__wrap\">\n                        \n            <!-- Filtres ACF fields -->\n            \n                                            <!-- Filtre nombre_de_personnes -->\n                                <div class=\"filter\" id=\"filter-nombre_de_personnes\">\n                    <div class=\"filter__title\">Capacit\u00e9 maximale<i class=\"fas fa-angle-down\"><\/i><\/div>\n                    <fieldset data-filter=\"nombre_de_personnes\" data-operator=\"<=\" class=\"input\">\n\n                        <div><input type=\"radio\" name=\"nombre_de_personnes\" id=\"nombre_de_personnes-all\"  class=\"checkbox\" \/><label for='nombre_de_personnes-all'>Tous<\/label><\/div><div><input type=\"radio\" name=\"nombre_de_personnes\" id=\"nombre_de_personnes-2\" value=\"2\" class=\"checkbox\"  \/><label for='nombre_de_personnes-2'>Jusqu&#8217;\u00e0 2 pers.<\/label><\/div><div><input type=\"radio\" name=\"nombre_de_personnes\" id=\"nombre_de_personnes-4\" value=\"4\" class=\"checkbox\"  \/><label for='nombre_de_personnes-4'>Jusqu&#8217;\u00e0 4 pers.<\/label><\/div><div><input type=\"radio\" name=\"nombre_de_personnes\" id=\"nombre_de_personnes-6\" value=\"6\" class=\"checkbox\"  \/><label for='nombre_de_personnes-6'>Jusqu&#8217;\u00e0 6 pers.<\/label><\/div>                    <\/fieldset>\n                <\/div>\n                                            <!-- Filtre nombre_de_chambres -->\n                                <div class=\"filter\" id=\"filter-nombre_de_chambres\">\n                    <div class=\"filter__title\">Aantal kamers<i class=\"fas fa-angle-down\"><\/i><\/div>\n                    <fieldset data-filter=\"nombre_de_chambres\" data-operator=\"==\" class=\"input\">\n\n                        <div><input type=\"radio\" name=\"nombre_de_chambres\" id=\"nombre_de_chambres-all\"  class=\"checkbox\" \/><label for='nombre_de_chambres-all'>Tous<\/label><\/div><div><input type=\"radio\" name=\"nombre_de_chambres\" id=\"nombre_de_chambres-1\" value=\"1\" class=\"checkbox\"  \/><label for='nombre_de_chambres-1'>1<\/label><\/div><div><input type=\"radio\" name=\"nombre_de_chambres\" id=\"nombre_de_chambres-2\" value=\"2\" class=\"checkbox\"  \/><label for='nombre_de_chambres-2'>2<\/label><\/div><div><input type=\"radio\" name=\"nombre_de_chambres\" id=\"nombre_de_chambres-3\" value=\"3\" class=\"checkbox\"  \/><label for='nombre_de_chambres-3'>3<\/label><\/div>                    <\/fieldset>\n                <\/div>\n                                            <!-- Filtre options-hebergements -->\n                                <div class=\"filter\" id=\"filter-options-hebergements\">\n                    <div class=\"filter__title\">Options<i class=\"fas fa-angle-down\"><\/i><\/div>\n                    <fieldset data-filter=\"options-hebergements\" data-operator=\"*=\" class=\"input\">\n\n                        <div><input type=\"checkbox\" name=\"options-hebergements\" id=\"options-hebergements-all\"  class=\"checkbox\" \/><label for='options-hebergements-all'>Tous<\/label><\/div><div><input type=\"checkbox\" name=\"options-hebergements\" id=\"options-hebergements-climatisation\" value=\"climatisation\" class=\"checkbox\"  \/><label for='options-hebergements-climatisation'>Climatisation<\/label><\/div><div><input type=\"checkbox\" name=\"options-hebergements\" id=\"options-hebergements-lave-vaisselle\" value=\"lave-vaisselle\" class=\"checkbox\"  \/><label for='options-hebergements-lave-vaisselle'>LAVE-VAISSELLE<\/label><\/div><div><input type=\"checkbox\" name=\"options-hebergements\" id=\"options-hebergements-television\" value=\"television\" class=\"checkbox\"  \/><label for='options-hebergements-television'>T\u00c9L\u00c9VISION<\/label><\/div><div><input type=\"checkbox\" name=\"options-hebergements\" id=\"options-hebergements-television\" value=\"television\" class=\"checkbox\"  \/><label for='options-hebergements-television'>T\u00e9l\u00e9vision<\/label><\/div>                    <\/fieldset>\n                <\/div>\n            \n            <div id=\"validate-filters\" class=\"ls-button\">Valider la s\u00e9lection<\/div>\n\n                    <\/div>\n    <\/div>\n\n<\/div><div class=\"ls-hebergements__results\" data-row=\"3\" data-campings=\"false\" data-types=\"[6]\"><div class=\"ls-hebergement\" data-postid='64434' data-id-reservation='1' data-id-site='mazet07' data-id1='' data-nombre_de_personnes='6' data-nombre_de_chambres='' data-type='emplacements'>\n\t<div class=\"ls-hebergement__thumb\">\n\t\t\t\t<img decoding=\"async\" src=\"https:\/\/www.camping-mazet-plage.com\/wp-content\/uploads\/2022\/01\/camping-berrias-emplacement.jpg\" alt=\"LOCATIE\" \/>\n\t<\/div>\n\t<div class=\"ls-hebergement__title\">\n\t\tLOCATIE\t\t\n\t<\/div>\n\n\t<div class=\"ls-hebergement__details\">\n\n\t\t<div class=\"ls-hebergement__icons\">\n\n\t\t\t\t\t\t\t<span class=\"ls-hebergement__icon\">\n\t\t\t\t\t<i class=\"fas fa-users\"><\/i>\n\t\t\t\t\t6\t\t\t\t<\/span>\n\t\t\t\n\t\t\t\n\t\t\t\n\t\t<\/div>\n\n\n\t\t<div class=\"ls-hebergement__infos\">\n\t\t\t\t\t\t\t<span class=\"ls-hebergement__detail\">\n\t\t\t\t\t80 \u00e0 100m\u00b2\n\t\t\t\t<\/span>\n\t\t\t\t\t\t\t\t<\/div>\n\t<\/div>\n\n\t<!-- <div class=\"ls-hebergement__disponibilites\">D\u00e9couvrir<\/div> -->\n<\/div><\/div><\/div>\n\r\n    <\/div>\r\n<\/section><section id=\"ls-section-block_410fc61f98b61458e60456f6958aed27\" class=\"ls-section  ls__heading ls__heading has-color-1-color has-text-color\" >\r\n        <div class=\"container \">\r\n        \n\n<h2 class=\"ls__heading wp-block-heading has-text-align-left deco has-color-1-color has-text-color\">Ontdek onze huuraccommodaties op een staanplaats in de Zuidelijke Ard\u00e8che  <\/h2>\n\n\n\n<p class=\"ls-paragraph\">Onze grote kampeerplaatsen voor tenten, caravans of campers verwelkomen kampeerders midden in de natuur of bijna direct aan de rivier de Chassezac. Ze liggen in een weelderige groene omgeving en bieden een complete verandering van omgeving in de Ard\u00e8che. Op sommige plaatsen kun je zelfs onder je tent of vanuit je camper de rivier langzaam zien stromen. Om er zeker van te zijn dat je de beste plek krijgt, aarzel dan niet om van tevoren te reserveren!    <\/p>\n\n\n\n<p class=\"ls-paragraph\">Kampeerplaatsen van <strong><span style=\"color:#f56038\" class=\"tadv-color\">80 tot 100 m 2<\/span><\/strong> zijn ideaal voor tenten, campers of caravans, en alle huuraccommodaties zijn inclusief toegang tot <a href=\"https:\/\/www.camping-mazet-plage.com\/nl\/camping-ardeche-zwembad\/\">ons zwembad op de camping in de Ard\u00e8che<\/a>. Om aan de wensen en behoeften van zoveel mogelijk mensen te voldoen, bieden we ook <a href=\"https:\/\/www.camping-mazet-plage.com\/nl\/locatie-stacaravan-ardeche\/\">stacaravans te huur in de Ard\u00e8che<\/a> met verschillende accommodaties voor een comfortabele kampeervakantie met het hele gezin!   <\/p>\n\n\r\n    <\/div>\r\n<\/section><section id=\"ls-section-block_d6d0d5a840dbb2d6915cb40437e4d62f\" class=\"ls-section  modeleSection has-p-b p-b-0\" >\r\n        <div class=\"container container--full\">\r\n        \n\n<figure class=\"wp-block-image size-full imageModeleSection is-style-rounded\"><img decoding=\"async\" width=\"1900\" height=\"774\" src=\"https:\/\/www.camping-mazet-plage.com\/wp-content\/uploads\/2022\/02\/location-emplacement-ardeche.jpg\" alt=\"ligging ardeche\" class=\"wp-image-58587\" srcset=\"https:\/\/www.camping-mazet-plage.com\/wp-content\/uploads\/2022\/02\/location-emplacement-ardeche.jpg 1900w, https:\/\/www.camping-mazet-plage.com\/wp-content\/uploads\/2022\/02\/location-emplacement-ardeche-300x122.jpg 300w, https:\/\/www.camping-mazet-plage.com\/wp-content\/uploads\/2022\/02\/location-emplacement-ardeche-1024x417.jpg 1024w, https:\/\/www.camping-mazet-plage.com\/wp-content\/uploads\/2022\/02\/location-emplacement-ardeche-768x313.jpg 768w, https:\/\/www.camping-mazet-plage.com\/wp-content\/uploads\/2022\/02\/location-emplacement-ardeche-1536x626.jpg 1536w\" sizes=\"(max-width: 1900px) 100vw, 1900px\" \/><\/figure>\n\n\n\n<div class=\"wp-block-columns containerContenuModeleSection is-layout-flex wp-container-core-columns-is-layout-2 wp-block-columns-is-layout-flex\">\n<div class=\"wp-block-column contenuModeleSection is-layout-flow wp-block-column-is-layout-flow\" style=\"flex-basis:80%\">\n<h2 class=\"ls__heading wp-block-heading deco has-color-1-color has-text-color\">  Verhuur van grond in de Ard\u00e8che<\/h2>\n\n\n\n<div class=\"wp-block-columns is-layout-flex wp-container-core-columns-is-layout-1 wp-block-columns-is-layout-flex\">\n<div class=\"wp-block-column is-layout-flow wp-block-column-is-layout-flow\">\n<p class=\"ls-paragraph\">Onze staanplaatsen in de Ard\u00e8che zijn goed afgebakend door natuurlijke hagen en zijn ruim en vooral ontworpen voor het comfort van de vakantiegangers. <span style=\"color:#000\" class=\"tadv-color\">Ze hebben verschillende schaduwniveaus voor elk wat wils en zijn ook voorzien van een elektriciteitsaansluiting met <\/span><strong><span style=\"color:#f56038\" class=\"tadv-color\">elektriciteitspunten<\/span><\/strong><span style=\"color:#000\" class=\"tadv-color\"> 6 amp\u00e8re EEC standaard<\/span>. Vergeet niet een verlengsnoer mee te nemen voordat je op vakantie gaat!   <\/p>\n<\/div>\n\n\n\n<div class=\"wp-block-column is-layout-flow wp-block-column-is-layout-flow\">\n<p class=\"ls-paragraph\"><span class=\"tadv-color\" style=\"color:#000\">  Dankzij de ruime staanplaatsen in de Ard\u00e8che kun je ook je auto parkeren (maximaal \u00e9\u00e9n voertuig per staanplaats). Je hebt snel en gemakkelijk toegang tot schone, functionele, goed onderhouden en ruime sanitairgebouwen, die ook toegankelijk zijn voor mensen met een beperkte mobiliteit. Let op: barbecues met open vuur zijn bij de wet verboden op onze staanplaatsen en in al onze accommodaties in de Zuidelijke Ard\u00e8che.    <\/span><\/p>\n\n\n\r\n<a href=\"\/camping-pas-cher-ardeche\/\" id=\"ls-button-block_ae011440b2a2e7992b32df502fdb774c\" target=\"\" rel=\"\" class=\"ls-button\" ><span><span class=\"deco-button\">+<\/span>Ontdek onze tarieven<\/span><\/a>\r\n<\/div>\n<\/div>\n<\/div>\n<\/div>\n\n\r\n    <\/div>\r\n<\/section><section id=\"ls-section-block_232254ae8267af336caac37c40951938\" class=\"ls-section \" >\r\n        <div class=\"container container--wide\">\r\n        \n\n<p class=\"ls-paragraph has-text-align-center has-color-1-color has-text-color\" style=\"font-size:30px\"><span style=\"color:#12492f\" class=\"tadv-color\"><strong> <span class=\"has-inline-color has-color-1-color\"><strong>Ontdek de stacaravans en het zwembad op onze camping<\/strong><\/span> <\/strong><\/span><\/p>\n\n\n\n<div id=\"ls-maillage-block_349d33248c79db58240edc4677dc3406\" class=\"ls-maillage cta-style-normal\" data-rows=\"3\">\n\n    <div class=\"wp-block-columns\"><div class=\"wp-block-column ls-cta\">\n\n<a href=\"https:\/\/www.camping-mazet-plage.com\/nl\/locatie-stacaravan-ardeche\/\" target=\"\" rel=\"noopener\" class=\"ls-cta__link\">\n\n\t<div class=\"ls-cta__image\"><img decoding=\"async\" src=\"https:\/\/www.camping-mazet-plage.com\/wp-content\/uploads\/2022\/01\/location-mobil-home-ardeche.jpg\" alt=\"locatie-mobil-home-ardechelocatie mobil home ardeche\"><\/div>\n\t<div class=\"ls-cta__title\">\n\t\tStacaravan\t<\/div>\n\n\t\t\n<\/a><\/div><div class=\"wp-block-column ls-cta\">\n\n<a href=\"https:\/\/www.camping-mazet-plage.com\/nl\/camping-ardeche-zwembad\/\" target=\"\" rel=\"noopener\" class=\"ls-cta__link\">\n\n\t<div class=\"ls-cta__image\"><img decoding=\"async\" src=\"https:\/\/www.camping-mazet-plage.com\/wp-content\/uploads\/2022\/02\/camping-piscine-chauffee-ardeche-1.jpg\" alt=\"camping verwarmd zwembad ardeche\"><\/div>\n\t<div class=\"ls-cta__title\">\n\t\tZwembad\t<\/div>\n\n\t\t\n<\/a><\/div><div class=\"wp-block-column ls-cta\">\n\n<a href=\"https:\/\/www.camping-mazet-plage.com\/nl\/goedkoop-kamperen-in-de-ardeche\/\" target=\"\" rel=\"noopener\" class=\"ls-cta__link\">\n\n\t<div class=\"ls-cta__image\"><img decoding=\"async\" src=\"https:\/\/www.camping-mazet-plage.com\/wp-content\/uploads\/2022\/04\/camping-pas-cher.jpg\" alt=\"goedkoop kamperen\"><\/div>\n\t<div class=\"ls-cta__title\">\n\t\tTarieven\t<\/div>\n\n\t\t\n<\/a><\/div><\/div>\n<\/div>\n\r\n    <\/div>\r\n<\/section>\n<p class=\"ls-paragraph\"><\/p>\n","protected":false},"excerpt":{"rendered":"","protected":false},"author":1,"featured_media":64007,"parent":0,"menu_order":0,"comment_status":"closed","ping_status":"closed","template":"","meta":{"footnotes":""},"sujet":[],"class_list":["post-64003","page","type-page","status-publish","has-post-thumbnail","hentry"],"acf":[],"yoast_head":"<!-- This site is optimized with the Yoast SEO plugin v21.9 - https:\/\/yoast.com\/wordpress\/plugins\/seo\/ -->\n<title>Camping tente Ardeche | Standplaatsen voor caravans en campers Ard\u00e8che<\/title>\n<meta name=\"description\" content=\"Ontdek onze kampeerplaatsen in het zuiden van de Ard\u00e8che en zet je tent of camper op aan de oever van de rivier de Chassezac.\" \/>\n<meta name=\"robots\" content=\"index, follow, max-snippet:-1, max-image-preview:large, max-video-preview:-1\" \/>\n<link rel=\"canonical\" href=\"https:\/\/www.camping-mazet-plage.com\/nl\/campingplaats-ardeche\/\" \/>\n<meta property=\"og:locale\" content=\"nl_NL\" \/>\n<meta property=\"og:type\" content=\"article\" \/>\n<meta property=\"og:title\" content=\"Camping tente Ardeche | Standplaatsen voor caravans en campers Ard\u00e8che\" \/>\n<meta property=\"og:description\" content=\"Ontdek onze kampeerplaatsen in het zuiden van de Ard\u00e8che en zet je tent of camper op aan de oever van de rivier de Chassezac.\" \/>\n<meta property=\"og:url\" content=\"https:\/\/www.camping-mazet-plage.com\/nl\/campingplaats-ardeche\/\" \/>\n<meta property=\"og:site_name\" content=\"Camping Mazet Plage\" \/>\n<meta property=\"article:modified_time\" content=\"2025-09-09T08:13:44+00:00\" \/>\n<meta property=\"og:image\" content=\"https:\/\/www.camping-mazet-plage.com\/wp-content\/uploads\/2022\/02\/location-emplacement-ardeche-1.jpg\" \/>\n\t<meta property=\"og:image:width\" content=\"1900\" \/>\n\t<meta property=\"og:image:height\" content=\"700\" \/>\n\t<meta property=\"og:image:type\" content=\"image\/jpeg\" \/>\n<meta name=\"twitter:card\" content=\"summary_large_image\" \/>\n<meta name=\"twitter:label1\" content=\"Geschatte leestijd\" \/>\n\t<meta name=\"twitter:data1\" content=\"2 minuten\" \/>\n<script type=\"application\/ld+json\" class=\"yoast-schema-graph\">{\"@context\":\"https:\/\/schema.org\",\"@graph\":[{\"@type\":\"WebPage\",\"@id\":\"https:\/\/www.camping-mazet-plage.com\/nl\/campingplaats-ardeche\/\",\"url\":\"https:\/\/www.camping-mazet-plage.com\/nl\/campingplaats-ardeche\/\",\"name\":\"Camping tente Ardeche | Standplaatsen voor caravans en campers Ard\u00e8che\",\"isPartOf\":{\"@id\":\"https:\/\/www.camping-mazet-plage.com\/nl\/#website\"},\"datePublished\":\"2021-12-17T06:55:35+00:00\",\"dateModified\":\"2025-09-09T08:13:44+00:00\",\"description\":\"Ontdek onze kampeerplaatsen in het zuiden van de Ard\u00e8che en zet je tent of camper op aan de oever van de rivier de Chassezac.\",\"breadcrumb\":{\"@id\":\"https:\/\/www.camping-mazet-plage.com\/nl\/campingplaats-ardeche\/#breadcrumb\"},\"inLanguage\":\"nl-NL\",\"potentialAction\":[{\"@type\":\"ReadAction\",\"target\":[\"https:\/\/www.camping-mazet-plage.com\/nl\/campingplaats-ardeche\/\"]}]},{\"@type\":\"BreadcrumbList\",\"@id\":\"https:\/\/www.camping-mazet-plage.com\/nl\/campingplaats-ardeche\/#breadcrumb\",\"itemListElement\":[{\"@type\":\"ListItem\",\"position\":1,\"name\":\"Camping Ard\u00e8che\",\"item\":\"https:\/\/www.camping-mazet-plage.com\/nl\/\"},{\"@type\":\"ListItem\",\"position\":2,\"name\":\"Kampeerplaatsen Ard\u00e8che\"}]},{\"@type\":\"WebSite\",\"@id\":\"https:\/\/www.camping-mazet-plage.com\/nl\/#website\",\"url\":\"https:\/\/www.camping-mazet-plage.com\/nl\/\",\"name\":\"Camping Mazet Plage\",\"description\":\"\",\"publisher\":{\"@id\":\"https:\/\/www.camping-mazet-plage.com\/nl\/#organization\"},\"potentialAction\":[{\"@type\":\"SearchAction\",\"target\":{\"@type\":\"EntryPoint\",\"urlTemplate\":\"https:\/\/www.camping-mazet-plage.com\/nl\/?s={search_term_string}\"},\"query-input\":\"required name=search_term_string\"}],\"inLanguage\":\"nl-NL\"},{\"@type\":\"Organization\",\"@id\":\"https:\/\/www.camping-mazet-plage.com\/nl\/#organization\",\"name\":\"Camping Mazet Plage\",\"url\":\"https:\/\/www.camping-mazet-plage.com\/nl\/\",\"logo\":{\"@type\":\"ImageObject\",\"inLanguage\":\"nl-NL\",\"@id\":\"https:\/\/www.camping-mazet-plage.com\/nl\/#\/schema\/logo\/image\/\",\"url\":\"https:\/\/www.camping-mazet-plage.com\/wp-content\/uploads\/2022\/02\/logo-footer.jpg\",\"contentUrl\":\"https:\/\/www.camping-mazet-plage.com\/wp-content\/uploads\/2022\/02\/logo-footer.jpg\",\"width\":352,\"height\":434,\"caption\":\"Camping Mazet Plage\"},\"image\":{\"@id\":\"https:\/\/www.camping-mazet-plage.com\/nl\/#\/schema\/logo\/image\/\"}}]}<\/script>\n<!-- \/ Yoast SEO plugin. -->","yoast_head_json":{"title":"Camping tente Ardeche | Standplaatsen voor caravans en campers Ard\u00e8che","description":"Ontdek onze kampeerplaatsen in het zuiden van de Ard\u00e8che en zet je tent of camper op aan de oever van de rivier de Chassezac.","robots":{"index":"index","follow":"follow","max-snippet":"max-snippet:-1","max-image-preview":"max-image-preview:large","max-video-preview":"max-video-preview:-1"},"canonical":"https:\/\/www.camping-mazet-plage.com\/nl\/campingplaats-ardeche\/","og_locale":"nl_NL","og_type":"article","og_title":"Camping tente Ardeche | Standplaatsen voor caravans en campers Ard\u00e8che","og_description":"Ontdek onze kampeerplaatsen in het zuiden van de Ard\u00e8che en zet je tent of camper op aan de oever van de rivier de Chassezac.","og_url":"https:\/\/www.camping-mazet-plage.com\/nl\/campingplaats-ardeche\/","og_site_name":"Camping Mazet Plage","article_modified_time":"2025-09-09T08:13:44+00:00","og_image":[{"width":1900,"height":700,"url":"https:\/\/www.camping-mazet-plage.com\/wp-content\/uploads\/2022\/02\/location-emplacement-ardeche-1.jpg","type":"image\/jpeg"}],"twitter_card":"summary_large_image","twitter_misc":{"Geschatte leestijd":"2 minuten"},"schema":{"@context":"https:\/\/schema.org","@graph":[{"@type":"WebPage","@id":"https:\/\/www.camping-mazet-plage.com\/nl\/campingplaats-ardeche\/","url":"https:\/\/www.camping-mazet-plage.com\/nl\/campingplaats-ardeche\/","name":"Camping tente Ardeche | Standplaatsen voor caravans en campers Ard\u00e8che","isPartOf":{"@id":"https:\/\/www.camping-mazet-plage.com\/nl\/#website"},"datePublished":"2021-12-17T06:55:35+00:00","dateModified":"2025-09-09T08:13:44+00:00","description":"Ontdek onze kampeerplaatsen in het zuiden van de Ard\u00e8che en zet je tent of camper op aan de oever van de rivier de Chassezac.","breadcrumb":{"@id":"https:\/\/www.camping-mazet-plage.com\/nl\/campingplaats-ardeche\/#breadcrumb"},"inLanguage":"nl-NL","potentialAction":[{"@type":"ReadAction","target":["https:\/\/www.camping-mazet-plage.com\/nl\/campingplaats-ardeche\/"]}]},{"@type":"BreadcrumbList","@id":"https:\/\/www.camping-mazet-plage.com\/nl\/campingplaats-ardeche\/#breadcrumb","itemListElement":[{"@type":"ListItem","position":1,"name":"Camping Ard\u00e8che","item":"https:\/\/www.camping-mazet-plage.com\/nl\/"},{"@type":"ListItem","position":2,"name":"Kampeerplaatsen Ard\u00e8che"}]},{"@type":"WebSite","@id":"https:\/\/www.camping-mazet-plage.com\/nl\/#website","url":"https:\/\/www.camping-mazet-plage.com\/nl\/","name":"Camping Mazet Plage","description":"","publisher":{"@id":"https:\/\/www.camping-mazet-plage.com\/nl\/#organization"},"potentialAction":[{"@type":"SearchAction","target":{"@type":"EntryPoint","urlTemplate":"https:\/\/www.camping-mazet-plage.com\/nl\/?s={search_term_string}"},"query-input":"required name=search_term_string"}],"inLanguage":"nl-NL"},{"@type":"Organization","@id":"https:\/\/www.camping-mazet-plage.com\/nl\/#organization","name":"Camping Mazet Plage","url":"https:\/\/www.camping-mazet-plage.com\/nl\/","logo":{"@type":"ImageObject","inLanguage":"nl-NL","@id":"https:\/\/www.camping-mazet-plage.com\/nl\/#\/schema\/logo\/image\/","url":"https:\/\/www.camping-mazet-plage.com\/wp-content\/uploads\/2022\/02\/logo-footer.jpg","contentUrl":"https:\/\/www.camping-mazet-plage.com\/wp-content\/uploads\/2022\/02\/logo-footer.jpg","width":352,"height":434,"caption":"Camping Mazet Plage"},"image":{"@id":"https:\/\/www.camping-mazet-plage.com\/nl\/#\/schema\/logo\/image\/"}}]}},"_links":{"self":[{"href":"https:\/\/www.camping-mazet-plage.com\/nl\/wp-json\/wp\/v2\/pages\/64003"}],"collection":[{"href":"https:\/\/www.camping-mazet-plage.com\/nl\/wp-json\/wp\/v2\/pages"}],"about":[{"href":"https:\/\/www.camping-mazet-plage.com\/nl\/wp-json\/wp\/v2\/types\/page"}],"author":[{"embeddable":true,"href":"https:\/\/www.camping-mazet-plage.com\/nl\/wp-json\/wp\/v2\/users\/1"}],"replies":[{"embeddable":true,"href":"https:\/\/www.camping-mazet-plage.com\/nl\/wp-json\/wp\/v2\/comments?post=64003"}],"version-history":[{"count":2,"href":"https:\/\/www.camping-mazet-plage.com\/nl\/wp-json\/wp\/v2\/pages\/64003\/revisions"}],"predecessor-version":[{"id":64416,"href":"https:\/\/www.camping-mazet-plage.com\/nl\/wp-json\/wp\/v2\/pages\/64003\/revisions\/64416"}],"wp:featuredmedia":[{"embeddable":true,"href":"https:\/\/www.camping-mazet-plage.com\/nl\/wp-json\/wp\/v2\/media\/64007"}],"wp:attachment":[{"href":"https:\/\/www.camping-mazet-plage.com\/nl\/wp-json\/wp\/v2\/media?parent=64003"}],"wp:term":[{"taxonomy":"sujet","embeddable":true,"href":"https:\/\/www.camping-mazet-plage.com\/nl\/wp-json\/wp\/v2\/sujet?post=64003"}],"curies":[{"name":"wp","href":"https:\/\/api.w.org\/{rel}","templated":true}]}}